{"id":8,"date":"2017-10-14T04:58:55","date_gmt":"2017-10-14T04:58:55","guid":{"rendered":"https:\/\/smartdata.tonytemplates.com\/driving-school\/?page_id=8"},"modified":"2026-01-28T16:30:23","modified_gmt":"2026-01-28T14:30:23","slug":"home","status":"publish","type":"page","link":"https:\/\/www.fahrschule-friedel-thiele.de\/cms\/","title":{"rendered":"Home"},"content":{"rendered":"<section class=\"wpb-content-wrapper\"><p>[vc_row full_width=&#8220;stretch_row_content&#8220; el_class=&#8220;in-full-column&#8220;][vc_column]        <!-- Slider -->\r\n        <div id=\"mainSliderWrapper\"  class=\"\">\r\n            <div class=\"mainSlider\" >\r\n                            <div class=\"slide \">\r\n            <div class=\"img--holder\"   style=\"background-image: url(https:\/\/www.fahrschule-friedel-thiele.de\/cms\/wp-content\/uploads\/2024\/06\/Kopie-von-Banner-Homepage.png); background-position:  Center Center;\" ><\/div>\r\n            <div class=\"slide-content\">\r\n                <div class=\"container\" data-animation=\"fadeInUpSm\" data-animation-delay=\"0s\">\r\n                    <div class=\"tp-caption-01-01\" ><\/div>\r\n                    <div class=\"tp-caption-01-02\"><\/div>\r\n                                       \r\n                    \r\n                <\/div>\r\n            <\/div>\r\n        <\/div>\r\n\r\n                    <div class=\"slide \">\r\n            <div class=\"img--holder\"   style=\"background-image: url(https:\/\/www.fahrschule-friedel-thiele.de\/cms\/wp-content\/uploads\/2024\/10\/IMG_7828-scaled.jpg); background-position:  Center Center;\" ><\/div>\r\n            <div class=\"slide-content\">\r\n                <div class=\"container\" data-animation=\"fadeInUpSm\" data-animation-delay=\"0s\">\r\n                    <div class=\"tp-caption-01-01\" ><\/div>\r\n                    <div class=\"tp-caption-01-02\"><\/div>\r\n                                       \r\n                    \r\n                <\/div>\r\n            <\/div>\r\n        <\/div>\r\n\r\n                    <div class=\"slide \">\r\n            <div class=\"img--holder\"   style=\"background-image: url(https:\/\/www.fahrschule-friedel-thiele.de\/cms\/wp-content\/uploads\/2024\/12\/Design-ohne-Titel.jpg-scaled.jpg); background-position:  Center Center;\" ><\/div>\r\n            <div class=\"slide-content\">\r\n                <div class=\"container\" data-animation=\"fadeInUpSm\" data-animation-delay=\"0s\">\r\n                    <div class=\"tp-caption-01-01\" ><\/div>\r\n                    <div class=\"tp-caption-01-02\"><\/div>\r\n                                       \r\n                    \r\n                <\/div>\r\n            <\/div>\r\n        <\/div>\r\n\r\n                    <div class=\"slide \">\r\n            <div class=\"img--holder\"   style=\"background-image: url(https:\/\/www.fahrschule-friedel-thiele.de\/cms\/wp-content\/uploads\/2023\/05\/IMG_1374-scaled.jpeg); background-position:  Center Center;\" ><\/div>\r\n            <div class=\"slide-content\">\r\n                <div class=\"container\" data-animation=\"fadeInUpSm\" data-animation-delay=\"0s\">\r\n                    <div class=\"tp-caption-01-01\" ><\/div>\r\n                    <div class=\"tp-caption-01-02\"><\/div>\r\n                                       \r\n                    \r\n                <\/div>\r\n            <\/div>\r\n        <\/div>\r\n\r\n                    <div class=\"slide \">\r\n            <div class=\"img--holder\"   style=\"background-image: url(https:\/\/www.fahrschule-friedel-thiele.de\/cms\/wp-content\/uploads\/2020\/04\/AdobeStock_223954230-scaled.jpeg); background-position:  Center Center;\" ><\/div>\r\n            <div class=\"slide-content\">\r\n                <div class=\"container\" data-animation=\"fadeInUpSm\" data-animation-delay=\"0s\">\r\n                    <div class=\"tp-caption-01-01\" ><\/div>\r\n                    <div class=\"tp-caption-01-02\"><\/div>\r\n                                       \r\n                    \r\n                <\/div>\r\n            <\/div>\r\n        <\/div>\r\n\r\n                    <div class=\"slide \">\r\n            <div class=\"img--holder\"   style=\"background-image: url(https:\/\/www.fahrschule-friedel-thiele.de\/cms\/wp-content\/uploads\/2021\/11\/IMG_2849-scaled.jpg); background-position:  Left Center;\" ><\/div>\r\n            <div class=\"slide-content\">\r\n                <div class=\"container\" data-animation=\"fadeInUpSm\" data-animation-delay=\"0s\">\r\n                    <div class=\"tp-caption-01-01\" ><\/div>\r\n                    <div class=\"tp-caption-01-02\"><\/div>\r\n                                       \r\n                    \r\n                <\/div>\r\n            <\/div>\r\n        <\/div>\r\n\r\n                    <div class=\"slide \">\r\n            <div class=\"img--holder\"   style=\"background-image: url(https:\/\/www.fahrschule-friedel-thiele.de\/cms\/wp-content\/uploads\/2021\/07\/photo_1504381_facebook_coverphotophotoboost.jpg); background-position:  Center Bottom;\" ><\/div>\r\n            <div class=\"slide-content\">\r\n                <div class=\"container\" data-animation=\"fadeInUpSm\" data-animation-delay=\"0s\">\r\n                    <div class=\"tp-caption-01-01\" ><\/div>\r\n                    <div class=\"tp-caption-01-02\"><\/div>\r\n                                       \r\n                    \r\n                <\/div>\r\n            <\/div>\r\n        <\/div>\r\n\r\n                    <div class=\"slide \">\r\n            <div class=\"img--holder\"   style=\"background-image: url(https:\/\/www.fahrschule-friedel-thiele.de\/cms\/wp-content\/uploads\/2022\/08\/IMG_0131-scaled.jpg); background-position:  Center Center;\" ><\/div>\r\n            <div class=\"slide-content\">\r\n                <div class=\"container\" data-animation=\"fadeInUpSm\" data-animation-delay=\"0s\">\r\n                    <div class=\"tp-caption-01-01\" ><\/div>\r\n                    <div class=\"tp-caption-01-02\"><\/div>\r\n                                       \r\n                    \r\n                <\/div>\r\n            <\/div>\r\n        <\/div>\r\n\r\n                    <div class=\"slide \">\r\n            <div class=\"img--holder\"   style=\"background-image: url(https:\/\/www.fahrschule-friedel-thiele.de\/cms\/wp-content\/uploads\/2025\/11\/DSC1228-scaled.jpeg); background-position:  Center Center;\" ><\/div>\r\n            <div class=\"slide-content\">\r\n                <div class=\"container\" data-animation=\"fadeInUpSm\" data-animation-delay=\"0s\">\r\n                    <div class=\"tp-caption-01-01\" ><\/div>\r\n                    <div class=\"tp-caption-01-02\"><\/div>\r\n                                       \r\n                    \r\n                <\/div>\r\n            <\/div>\r\n        <\/div>\r\n\r\n                    <\/div>  \r\n        <\/div>  \r\n        [\/vc_column][\/vc_row][vc_row full_width=&#8220;stretch_row_content&#8220; el_class=&#8220;in-full-column&#8220;][vc_column]\r\n        <div class=\"tt-extra-total-indent\">\r\n            <div class=\"tt-total-info-row\">\r\n                <div class=\"container\">\r\n                    <div class=\"row\">\r\n                        <div class=\"tt-row  tt-total-carusel slick-arrow-02 \">        <div class=\"tt-col \">\r\n            <div class=\"tt-total-info\">\r\n                <div class=\"tt-icon\">\r\n                    <i class=\"icon-people-1\"><\/i>\r\n                    <!-- <i class=\"icon-people-1\"><\/i> -->\r\n                <\/div>\r\n                <div class=\"tt-description\">\r\n                    <div class=\"tt-nubers\">6<\/div>\r\n                    Fahrlehrer*innen                <\/div>\r\n            <\/div>\r\n        <\/div>\r\n\r\n                <div class=\"tt-col \">\r\n            <div class=\"tt-total-info\">\r\n                <div class=\"tt-icon\">\r\n                    <i class=\"icon-school\"><\/i>\r\n                    <!-- <i class=\"icon-people-1\"><\/i> -->\r\n                <\/div>\r\n                <div class=\"tt-description\">\r\n                    <div class=\"tt-nubers\">1985<\/div>\r\n                    Gegr\u00fcndet                <\/div>\r\n            <\/div>\r\n        <\/div>\r\n\r\n                <div class=\"tt-col \">\r\n            <div class=\"tt-total-info\">\r\n                <div class=\"tt-icon\">\r\n                    <i class=\"icon-balloons\"><\/i>\r\n                    <!-- <i class=\"icon-people-1\"><\/i> -->\r\n                <\/div>\r\n                <div class=\"tt-description\">\r\n                    <div class=\"tt-nubers\">40+<\/div>\r\n                    Erfahrungsjahre                <\/div>\r\n            <\/div>\r\n        <\/div>\r\n\r\n                <div class=\"tt-col \">\r\n            <div class=\"tt-total-info\">\r\n                <div class=\"tt-icon\">\r\n                    <i class=\"icon-placeholder-for-map\"><\/i>\r\n                    <!-- <i class=\"icon-people-1\"><\/i> -->\r\n                <\/div>\r\n                <div class=\"tt-description\">\r\n                    <div class=\"tt-nubers\">2<\/div>\r\n                    Standorte                <\/div>\r\n            <\/div>\r\n        <\/div>\r\n\r\n        <\/div>\r\n                    <\/div>\r\n                <\/div>\r\n            <\/div>\r\n        <\/div>[\/vc_column][vc_column][vc_images_carousel images=&#8220;3024,3025&#8243; img_size=&#8220;full&#8220; slides_per_view=&#8220;2&#8243; hide_pagination_control=&#8220;yes&#8220; hide_prev_next_buttons=&#8220;yes&#8220;][\/vc_column][\/vc_row][vc_row full_width=&#8220;stretch_row_content_no_spaces&#8220; el_class=&#8220;home-ready-section&#8220;][vc_column]\r\n        <div class=\"tt-layout-01 \">\r\n          <div class=\"container\">\r\n            <div class=\"row\">\r\n              <div class=\"col-md-6\">\r\n                <div class=\"tt-img\">\r\n                                      <img src=\"https:\/\/www.fahrschule-friedel-thiele.de\/cms\/wp-content\/uploads\/2023\/03\/AdobeStock_31396628-scaled.jpeg\" alt=\"\">\r\n                                  <\/div>\r\n              <\/div>\r\n              <div class=\"col-sm-12 col-md-6 pull-right\">\r\n                <h1 class=\"tt-title-lg\"><\/h1>\r\n                <div class=\"tt-img-mobile\">\r\n                                      <img src=\"https:\/\/www.fahrschule-friedel-thiele.de\/cms\/wp-content\/uploads\/2023\/03\/AdobeStock_31396628-scaled.jpeg\" alt=\"\">\r\n                                  <\/div>\r\n                \n<h1><span style=\"color: #2e4394;\">Herzlich<\/span><\/h1>\n<h1><span style=\"color: #2e4394;\">Willkommen<\/span><\/h1>\n<strong>Deine Fahrschule in Brilon f\u00fcr die Aus- und Weiterbildung rund um deinen F\u00fchrerschein. Unser Team hei\u00dft Dich herzlich willkommen!<\/strong>\nWir sind eine leistungsstarke Fahrschule in Brilon, bei der Du im Mittelpunkt stehst. Bei uns hast du die M\u00f6glichkeit, den gesamten Theorieunterricht f\u00fcr die Klasse B, sowie den Grundunterricht f\u00fcr alle anderen Klassen in 7 Werktagen zu absolvieren!\nDurch unsere umfangreiche und kompetente Ausbildung in Theorie und Praxis, unterst\u00fctzt mit modernsten Medien und Ausbildungsfahrzeugen, vermitteln wir dir die Lernziele, die zu einer sicheren, umweltschonenden, verantwortungs- und r\u00fccksichtsvollen Fahrweise im Stra\u00dfenverkehr unverzichtbar sind. Und dabei kann Lernen sogar noch Spa\u00df und Freude machen!\nProfitiere also auch Du von unserer \u00fcber 40-j\u00e4hrigen Erfahrung in der Aus- und Weiterbildung rund um den F\u00fchrerschein! Wir stehen f\u00fcr moderne und p\u00e4dagogisch fundierte Fahrausbildung mit System, Freundlichkeit, Gelassenheit, Ruhe und viel Geduld!                \r\n\r\n                <div class=\"row-btn\">\r\n\r\n                                <\/div>\r\n                <div class=\"tt-img-device\">\r\n                                      <img src=\"https:\/\/www.fahrschule-friedel-thiele.de\/cms\/wp-content\/uploads\/2023\/03\/AdobeStock_31396628-scaled.jpeg\" alt=\"\">\r\n                                  <\/div>\r\n              <\/div>\r\n            <\/div>\r\n          <\/div>\r\n        <\/div>\r\n\r\n        [\/vc_column][\/vc_row][vc_row full_width=&#8220;stretch_row_content&#8220; el_class=&#8220;in-full-column&#8220;][vc_column]        <div class=\"container-indent \">\r\n            <div class=\"tt-promo-03\">\r\n                <div class=\"container\">\r\n                    <div class=\"tt-description\">\r\n                        <h3 class=\"tt-title\">Plane <span>deine F\u00fchrerschein-Ausbildung<\/span> mit uns<\/h3>\r\n                        <p>\r\n                            Rufe uns an und vereinbare einen Termin                        <\/p>\r\n                        <address>\r\n                            Tel.: 0 29 61 \/ 63 63                        <\/address>\r\n                        <img class=\"tt-icon\" src=\"https:\/\/www.fahrschule-friedel-thiele.de\/cms\/wp-content\/uploads\/2020\/04\/telefon-1.png\" alt=\"icon\">\r\n                    <\/div>\r\n                <\/div>\r\n            <\/div>\r\n        <\/div>\r\n\r\n        [\/vc_column][\/vc_row][vc_row el_class=&#8220;in-full-column mov-right1-section home-program&#8220;][vc_column][vc_column_text css=&#8220;.vc_custom_1658493855215{margin-bottom: -20px !important;}&#8220; el_id=&#8220;leistungen&#8220;]<\/p>\n<h1 class=\"tt-title-lg text-center\"><span style=\"color: #2e4394;\">Unsere Leistungen<\/span><\/h1>\n<p>[\/vc_column_text]        <div class=\"tt-carusel tt-carusel-top slick-arrow-02 \">\r\n                                <div class=\"item\">\r\n                        <!--<a href=\"\"  target=\"\"  class=\"tt-box-subjects\">-->\r\n                           \r\n                        <a href=\"https:\/\/www.fahrschule-friedel-thiele.de\/cms\/?our-programs=theorie-in-7-werktagen\" class=\"tt-box-subjects\">\r\n                                                    <div class=\"img\">\r\n                                <img width=\"483\" height=\"261\" src=\"https:\/\/www.fahrschule-friedel-thiele.de\/cms\/wp-content\/uploads\/2024\/04\/7TageTheorie2.png\" class=\"attachment-dricub-dricub-driving-schools-programs-thumbnail size-dricub-dricub-driving-schools-programs-thumbnail wp-post-image\" alt=\"\" decoding=\"async\" loading=\"lazy\" srcset=\"https:\/\/www.fahrschule-friedel-thiele.de\/cms\/wp-content\/uploads\/2024\/04\/7TageTheorie2.png 483w, https:\/\/www.fahrschule-friedel-thiele.de\/cms\/wp-content\/uploads\/2024\/04\/7TageTheorie2-300x162.png 300w, https:\/\/www.fahrschule-friedel-thiele.de\/cms\/wp-content\/uploads\/2024\/04\/7TageTheorie2-462x250.png 462w\" sizes=\"(max-width: 483px) 100vw, 483px\" \/>                            <\/div>\r\n                            <div class=\"tt-nomber\">\r\n                                <span class=\"tt-fon\"><span><\/span><\/span>\r\n                                <div class=\"tt-text\">1<\/div>                              \r\n                            <\/div>\r\n                            <div class=\"description\">\r\n                                <h6>Theorie in 7 Werktagen<\/h6>\r\n                                <span class=\"btn\">Infos<\/span>\r\n                            <\/div>\r\n                        <\/a>\r\n                    <\/div>\r\n\r\n                                        <div class=\"item\">\r\n                        <!--<a href=\"\"  target=\"\"  class=\"tt-box-subjects\">-->\r\n                           \r\n                        <a href=\"https:\/\/www.fahrschule-friedel-thiele.de\/cms\/?our-programs=fuehrerschein-ausbildung\" class=\"tt-box-subjects\">\r\n                                                    <div class=\"img\">\r\n                                <img width=\"483\" height=\"261\" src=\"https:\/\/www.fahrschule-friedel-thiele.de\/cms\/wp-content\/uploads\/2020\/04\/fuehrerschein.png\" class=\"attachment-dricub-dricub-driving-schools-programs-thumbnail size-dricub-dricub-driving-schools-programs-thumbnail wp-post-image\" alt=\"\" decoding=\"async\" loading=\"lazy\" srcset=\"https:\/\/www.fahrschule-friedel-thiele.de\/cms\/wp-content\/uploads\/2020\/04\/fuehrerschein.png 483w, https:\/\/www.fahrschule-friedel-thiele.de\/cms\/wp-content\/uploads\/2020\/04\/fuehrerschein-300x162.png 300w, https:\/\/www.fahrschule-friedel-thiele.de\/cms\/wp-content\/uploads\/2020\/04\/fuehrerschein-462x250.png 462w\" sizes=\"(max-width: 483px) 100vw, 483px\" \/>                            <\/div>\r\n                            <div class=\"tt-nomber\">\r\n                                <span class=\"tt-fon\"><span><\/span><\/span>\r\n                                <div class=\"tt-text\">2<\/div>                              \r\n                            <\/div>\r\n                            <div class=\"description\">\r\n                                <h6>F\u00fchrerschein-Ausbildung<\/h6>\r\n                                <span class=\"btn\">Infos<\/span>\r\n                            <\/div>\r\n                        <\/a>\r\n                    <\/div>\r\n\r\n                                        <div class=\"item\">\r\n                        <!--<a href=\"\"  target=\"\"  class=\"tt-box-subjects\">-->\r\n                           \r\n                        <a href=\"https:\/\/www.fahrschule-friedel-thiele.de\/cms\/?our-programs=schulungen-fuer-lkw-fahrer-nach-bkrfqg\" class=\"tt-box-subjects\">\r\n                                                    <div class=\"img\">\r\n                                <img width=\"483\" height=\"261\" src=\"https:\/\/www.fahrschule-friedel-thiele.de\/cms\/wp-content\/uploads\/2020\/04\/lkw.png\" class=\"attachment-dricub-dricub-driving-schools-programs-thumbnail size-dricub-dricub-driving-schools-programs-thumbnail wp-post-image\" alt=\"\" decoding=\"async\" loading=\"lazy\" srcset=\"https:\/\/www.fahrschule-friedel-thiele.de\/cms\/wp-content\/uploads\/2020\/04\/lkw.png 483w, https:\/\/www.fahrschule-friedel-thiele.de\/cms\/wp-content\/uploads\/2020\/04\/lkw-300x162.png 300w, https:\/\/www.fahrschule-friedel-thiele.de\/cms\/wp-content\/uploads\/2020\/04\/lkw-462x250.png 462w\" sizes=\"(max-width: 483px) 100vw, 483px\" \/>                            <\/div>\r\n                            <div class=\"tt-nomber\">\r\n                                <span class=\"tt-fon\"><span><\/span><\/span>\r\n                                <div class=\"tt-text\">3<\/div>                              \r\n                            <\/div>\r\n                            <div class=\"description\">\r\n                                <h6>Schulungen f\u00fcr LKW-Fahrer nach BKrFQG<\/h6>\r\n                                <span class=\"btn\">Infos<\/span>\r\n                            <\/div>\r\n                        <\/a>\r\n                    <\/div>\r\n\r\n                                        <div class=\"item\">\r\n                        <!--<a href=\"\"  target=\"\"  class=\"tt-box-subjects\">-->\r\n                           \r\n                        <a href=\"https:\/\/www.fahrschule-friedel-thiele.de\/cms\/?our-programs=aufbau-seminare-fuer-fahranfaenger\" class=\"tt-box-subjects\">\r\n                                                    <div class=\"img\">\r\n                                <img width=\"483\" height=\"261\" src=\"https:\/\/www.fahrschule-friedel-thiele.de\/cms\/wp-content\/uploads\/2020\/04\/nachschulung.png\" class=\"attachment-dricub-dricub-driving-schools-programs-thumbnail size-dricub-dricub-driving-schools-programs-thumbnail wp-post-image\" alt=\"\" decoding=\"async\" loading=\"lazy\" srcset=\"https:\/\/www.fahrschule-friedel-thiele.de\/cms\/wp-content\/uploads\/2020\/04\/nachschulung.png 483w, https:\/\/www.fahrschule-friedel-thiele.de\/cms\/wp-content\/uploads\/2020\/04\/nachschulung-300x162.png 300w, https:\/\/www.fahrschule-friedel-thiele.de\/cms\/wp-content\/uploads\/2020\/04\/nachschulung-462x250.png 462w\" sizes=\"(max-width: 483px) 100vw, 483px\" \/>                            <\/div>\r\n                            <div class=\"tt-nomber\">\r\n                                <span class=\"tt-fon\"><span><\/span><\/span>\r\n                                <div class=\"tt-text\">4<\/div>                              \r\n                            <\/div>\r\n                            <div class=\"description\">\r\n                                <h6>Aufbau-Seminare f\u00fcr Fahranf\u00e4nger (ASF)<\/h6>\r\n                                <span class=\"btn\">Infos<\/span>\r\n                            <\/div>\r\n                        <\/a>\r\n                    <\/div>\r\n\r\n                                        <div class=\"item\">\r\n                        <!--<a href=\"\"  target=\"\"  class=\"tt-box-subjects\">-->\r\n                           \r\n                        <a href=\"https:\/\/www.fahrschule-friedel-thiele.de\/cms\/?our-programs=fahreignungs-seminare-punktabbau\" class=\"tt-box-subjects\">\r\n                                                    <div class=\"img\">\r\n                                <img width=\"483\" height=\"261\" src=\"https:\/\/www.fahrschule-friedel-thiele.de\/cms\/wp-content\/uploads\/2020\/04\/aufbaukurs.png\" class=\"attachment-dricub-dricub-driving-schools-programs-thumbnail size-dricub-dricub-driving-schools-programs-thumbnail wp-post-image\" alt=\"\" decoding=\"async\" loading=\"lazy\" srcset=\"https:\/\/www.fahrschule-friedel-thiele.de\/cms\/wp-content\/uploads\/2020\/04\/aufbaukurs.png 483w, https:\/\/www.fahrschule-friedel-thiele.de\/cms\/wp-content\/uploads\/2020\/04\/aufbaukurs-300x162.png 300w, https:\/\/www.fahrschule-friedel-thiele.de\/cms\/wp-content\/uploads\/2020\/04\/aufbaukurs-462x250.png 462w\" sizes=\"(max-width: 483px) 100vw, 483px\" \/>                            <\/div>\r\n                            <div class=\"tt-nomber\">\r\n                                <span class=\"tt-fon\"><span><\/span><\/span>\r\n                                <div class=\"tt-text\">5<\/div>                              \r\n                            <\/div>\r\n                            <div class=\"description\">\r\n                                <h6>Fahreignungs-Seminare (Punktabbau)<\/h6>\r\n                                <span class=\"btn\">Infos<\/span>\r\n                            <\/div>\r\n                        <\/a>\r\n                    <\/div>\r\n\r\n                                        <div class=\"item\">\r\n                        <!--<a href=\"\"  target=\"\"  class=\"tt-box-subjects\">-->\r\n                           \r\n                        <a href=\"https:\/\/www.fahrschule-friedel-thiele.de\/cms\/?our-programs=generation-50-auffrischung-bzw-fortbildungskurse\" class=\"tt-box-subjects\">\r\n                                                    <div class=\"img\">\r\n                                <img width=\"478\" height=\"262\" src=\"https:\/\/www.fahrschule-friedel-thiele.de\/cms\/wp-content\/uploads\/2017\/10\/box-subjects-img-03-1.png\" class=\"attachment-dricub-dricub-driving-schools-programs-thumbnail size-dricub-dricub-driving-schools-programs-thumbnail wp-post-image\" alt=\"\" decoding=\"async\" loading=\"lazy\" srcset=\"https:\/\/www.fahrschule-friedel-thiele.de\/cms\/wp-content\/uploads\/2017\/10\/box-subjects-img-03-1.png 478w, https:\/\/www.fahrschule-friedel-thiele.de\/cms\/wp-content\/uploads\/2017\/10\/box-subjects-img-03-1-300x164.png 300w, https:\/\/www.fahrschule-friedel-thiele.de\/cms\/wp-content\/uploads\/2017\/10\/box-subjects-img-03-1-476x261.png 476w, https:\/\/www.fahrschule-friedel-thiele.de\/cms\/wp-content\/uploads\/2017\/10\/box-subjects-img-03-1-462x253.png 462w\" sizes=\"(max-width: 478px) 100vw, 478px\" \/>                            <\/div>\r\n                            <div class=\"tt-nomber\">\r\n                                <span class=\"tt-fon\"><span><\/span><\/span>\r\n                                <div class=\"tt-text\">6<\/div>                              \r\n                            <\/div>\r\n                            <div class=\"description\">\r\n                                <h6>Generation 50+ (Auffrischung bzw. Fortbildungskurse)<\/h6>\r\n                                <span class=\"btn\">Infos<\/span>\r\n                            <\/div>\r\n                        <\/a>\r\n                    <\/div>\r\n\r\n                                        <div class=\"item\">\r\n                        <!--<a href=\"\"  target=\"\"  class=\"tt-box-subjects\">-->\r\n                           \r\n                        <a href=\"https:\/\/www.fahrschule-friedel-thiele.de\/cms\/?our-programs=erste-hilfe-kurse\" class=\"tt-box-subjects\">\r\n                                                    <div class=\"img\">\r\n                                <img width=\"483\" height=\"261\" src=\"https:\/\/www.fahrschule-friedel-thiele.de\/cms\/wp-content\/uploads\/2020\/04\/erstehilfe-1.png\" class=\"attachment-dricub-dricub-driving-schools-programs-thumbnail size-dricub-dricub-driving-schools-programs-thumbnail wp-post-image\" alt=\"\" decoding=\"async\" loading=\"lazy\" srcset=\"https:\/\/www.fahrschule-friedel-thiele.de\/cms\/wp-content\/uploads\/2020\/04\/erstehilfe-1.png 483w, https:\/\/www.fahrschule-friedel-thiele.de\/cms\/wp-content\/uploads\/2020\/04\/erstehilfe-1-300x162.png 300w, https:\/\/www.fahrschule-friedel-thiele.de\/cms\/wp-content\/uploads\/2020\/04\/erstehilfe-1-462x250.png 462w\" sizes=\"(max-width: 483px) 100vw, 483px\" \/>                            <\/div>\r\n                            <div class=\"tt-nomber\">\r\n                                <span class=\"tt-fon\"><span><\/span><\/span>\r\n                                <div class=\"tt-text\">7<\/div>                              \r\n                            <\/div>\r\n                            <div class=\"description\">\r\n                                <h6>Erste-Hilfe Kurse<\/h6>\r\n                                <span class=\"btn\">Infos<\/span>\r\n                            <\/div>\r\n                        <\/a>\r\n                    <\/div>\r\n\r\n                            <\/div>\r\n        [\/vc_column][\/vc_row][vc_row el_class=&#8220;in-full-column mov-right1-section&#8220;][vc_column][vc_column_text css=&#8220;.vc_custom_1658493881976{margin-bottom: -5px !important;}&#8220;]<\/p>\n<h3 class=\"tt-title-lg text-center\"><span style=\"color: #2e4394;\">Warum zu uns?<\/span><\/h3>\n<p>[\/vc_column_text][vc_column_text css=&#8220;.vc_custom_1757334759908{margin-top: 5px !important;margin-bottom: 0px !important;}&#8220;]Ein F\u00fchrerschein kostet nicht nur wertvolle Zeit, sondern auch Geld. Daher ist die Wahl der richtigen Fahrschule eine Frage von Kompetenz und Vertrauen. Profitiere von unserer 40-j\u00e4hrigen Erfahrung in der Aus- und Weiterbildung rund um den F\u00fchrerschein. Unser Ziel ist es, dich zu einem sicheren, verantwortungsvollen und umweltbewussten Verkehrsteilnehmer auszubilden.[\/vc_column_text][\/vc_column][\/vc_row][vc_row el_class=&#8220;mov-right1-section&#8220;][vc_column]<div class=\"box-row col-third tt-box-layout-icon slick-arrow-01 \">\r\n        <div class=\"col-item\">\r\n            <div class=\"icon\">\r\n                 <!--<i class=\"icon \"><\/i>-->\r\n                <i class=\"icon-protection-shield-with-a-check-mark\"><\/i>\r\n                <!--<i class=\"icon-protection-shield-with-a-check-mark\"><\/i>-->\r\n            <\/div>\r\n            <h6>Qualit\u00e4t schafft Vertrauen<\/h6>\r\n            <p>Von Beginn an war es unsere Firmen-Philosophie, dass eine gute und seri\u00f6se Ausbildung die beste Voraussetzung f\u00fcr eine erfolgreiche F\u00fchrerscheinpr\u00fcfung ist.<\/p>\r\n        <\/div>\r\n        \r\n        <div class=\"col-item\">\r\n            <div class=\"icon\">\r\n                 <!--<i class=\"icon \"><\/i>-->\r\n                <i class=\"icon-people-1\"><\/i>\r\n                <!--<i class=\"icon-protection-shield-with-a-check-mark\"><\/i>-->\r\n            <\/div>\r\n            <h6>Erfahrene Fahrlehrer<\/h6>\r\n            <p>Alle Fahrlehrer verf\u00fcgen \u00fcber jahrelange Erfahrung und k\u00f6nnen deshalb gezielt auf dich eingehen.<\/p>\r\n        <\/div>\r\n        \r\n        <div class=\"col-item\">\r\n            <div class=\"icon\">\r\n                 <!--<i class=\"icon \"><\/i>-->\r\n                <i class=\"icon-placeholder-for-map\"><\/i>\r\n                <!--<i class=\"icon-protection-shield-with-a-check-mark\"><\/i>-->\r\n            <\/div>\r\n            <h6>2 Standorte<\/h6>\r\n            <p>Da wir den theoretischen Unterricht an 2 Standorten anbieten, hast du die M\u00f6glichkeit, 4 mal pro Woche daran teilzunehmen. Somit bist du zeitlich flexibler und kannst deine Pr\u00fcfung noch schneller abschlie\u00dfen.<\/p>\r\n        <\/div>\r\n        \r\n        <div class=\"col-item\">\r\n            <div class=\"icon\">\r\n                 <!--<i class=\"icon \"><\/i>-->\r\n                <i class=\"icon-money\"><\/i>\r\n                <!--<i class=\"icon-protection-shield-with-a-check-mark\"><\/i>-->\r\n            <\/div>\r\n            <h6>Faire Preise<\/h6>\r\n            <p>Billige Preise sind zwar verlockend, jedoch bedeutet billig nicht gleich g\u00fcnstig und eine billige Ausbildung ist nicht immer eine gute Ausbildung! Wir bilden so aus, dass du dich sicher im Stra\u00dfenverkehr bewegen kannst. Unsere Pr\u00fcfungsergebnisse sprechen f\u00fcr uns.<\/p>\r\n        <\/div>\r\n        \r\n        <div class=\"col-item\">\r\n            <div class=\"icon\">\r\n                 <!--<i class=\"icon \"><\/i>-->\r\n                <i class=\"icon-play-button\"><\/i>\r\n                <!--<i class=\"icon-protection-shield-with-a-check-mark\"><\/i>-->\r\n            <\/div>\r\n            <h6>Moderne Lernmethoden<\/h6>\r\n            <p>Mit Hilfe des Online-Zugangs kannst du dich zus\u00e4tzlich jederzeit auf die theoretische und praktische Pr\u00fcfung optimal vorbereiten.<\/p>\r\n        <\/div>\r\n        \r\n        <div class=\"col-item\">\r\n            <div class=\"icon\">\r\n                 <!--<i class=\"icon \"><\/i>-->\r\n                <i class=\"icon-heart\"><\/i>\r\n                <!--<i class=\"icon-protection-shield-with-a-check-mark\"><\/i>-->\r\n            <\/div>\r\n            <h6>Erste-Hilfe Kurs \/ Sehtest<\/h6>\r\n            <p>Du kannst deinen Erste-Hilfe Kurs und deinen Sehtest direkt bei uns in der Fahrschule machen.<\/p>\r\n        <\/div>\r\n        <\/div>[\/vc_column][\/vc_row][vc_row full_width=&#8220;stretch_row_content&#8220; css=&#8220;.vc_custom_1587215115670{background-image: url(https:\/\/www.fahrschule-friedel-thiele.de\/cms\/wp-content\/uploads\/2017\/10\/parallax-img-01.jpg?id=1540) !important;background-position: 0 0 !important;background-repeat: no-repeat !important;}&#8220; el_class=&#8220;bg-fixed box-parallax home-our-customer-say&#8220;][vc_column css=&#8220;.vc_custom_1509012935548{margin-top: -50px !important;margin-bottom: -50px !important;padding-bottom: 2px !important;}&#8220;][vc_row_inner el_class=&#8220;description&#8220;][vc_column_inner][vc_column_text css=&#8220;.vc_custom_1586099951373{margin-bottom: 0px !important;}&#8220;]<\/p>\n<h3 class=\"tt-title-lg text-center\">Das sagen unsere Kunden&#8230;<\/h3>\n<p>[\/vc_column_text][\/vc_column_inner][\/vc_row_inner]<div class=\"tt-testimonials-carousel slick-arrow-01 white-dots \"><div class=\"item\"><div class=\"testimonials-box-indent\"> <div class=\"tt-icon\"><div class=\"tt-bg\"><\/div><\/div><a href=\"javascript:void(0)\"  class=\"testimonials-box\">    <div class=\"rating rating-5\"> \r\n                                    <i class=\"icon-star-black-fivepointed-shape\"><\/i><i class=\"icon-star-black-fivepointed-shape\"><\/i><i class=\"icon-star-black-fivepointed-shape\"><\/i><i class=\"icon-star-black-fivepointed-shape\"><\/i><i class=\"icon-star-black-fivepointed-shape\"><\/i>\r\n                                <\/div>\r\n                                <p><span data-rtid=\"iwiAsDdylrSc\"><span class=\"r-i0pS6gGWlcik\">Vielen Dank an das Team. Die Ausbildung war nicht nur sehr lehrreich, sondern hat auch noch viel Spa\u00df gemacht. Trotz, dass ich gef\u00fchlt 100 mal den selben Fehler gemacht habe, blieb Christian ruhig und gelassen. Perfekte Fahrschule f\u00fcr alle Altersklassen!<br \/>\n<\/span><\/span><\/p>\r\n                                <p>\r\n                                    <span class=\"author\">\u2013 Johann B. <\/span>\r\n                                <\/p>     <\/a>     <\/div> <\/div><div class=\"item\"><div class=\"testimonials-box-indent\"> <div class=\"tt-icon\"><div class=\"tt-bg\"><\/div><\/div><a href=\"javascript:void(0)\"  class=\"testimonials-box\">    <div class=\"rating rating-5\"> \r\n                                    <i class=\"icon-star-black-fivepointed-shape\"><\/i><i class=\"icon-star-black-fivepointed-shape\"><\/i><i class=\"icon-star-black-fivepointed-shape\"><\/i><i class=\"icon-star-black-fivepointed-shape\"><\/i><i class=\"icon-star-black-fivepointed-shape\"><\/i>\r\n                                <\/div>\r\n                                <p>Super Ausbildung, Qualit\u00e4t passt. Sehr guter lockerer Umgang und fachlich sehr korrekt. Tipps, die einem wirklich weiterhelfen. An das Team der Fahrschule, besonders Christian, macht weiter so.<\/p>\r\n                                <p>\r\n                                    <span class=\"author\">\u2013 Nils M. <\/span>\r\n                                <\/p>     <\/a>     <\/div> <\/div><div class=\"item\"><div class=\"testimonials-box-indent\"> <div class=\"tt-icon\"><div class=\"tt-bg\"><\/div><\/div><a href=\"javascript:void(0)\"  class=\"testimonials-box\">    <div class=\"rating rating-5\"> \r\n                                    <i class=\"icon-star-black-fivepointed-shape\"><\/i><i class=\"icon-star-black-fivepointed-shape\"><\/i><i class=\"icon-star-black-fivepointed-shape\"><\/i><i class=\"icon-star-black-fivepointed-shape\"><\/i><i class=\"icon-star-black-fivepointed-shape\"><\/i>\r\n                                <\/div>\r\n                                <p><span data-rtid=\"iwiAsDdylrSc\"><span class=\"r-i0pS6gGWlcik\">Diese Fahrschule kann ich einfach nur weiterempfehlen!<br \/>\nSuper kompetente Mitarbeiter!<br \/>\nEs macht Spa\u00df, seine F\u00fchrerscheine dort zu machen!<br \/>\nIch freue mich, die schnelle Ausbildung absolviert zu haben<\/span><\/span><\/p>\r\n                                <p>\r\n                                    <span class=\"author\">\u2013 Justin K. <\/span>\r\n                                <\/p>     <\/a>     <\/div> <\/div><\/div>[vc_empty_space height=&#8220;60px&#8220;][\/vc_column][\/vc_row][vc_row full_width=&#8220;stretch_row_content&#8220; el_class=&#8220;in-full-column remove-p container-indent4 container-indent1-md&#8220;][vc_column]<div class=\"tt-promo-02\">\r\n                        <div class=\"col-info\">\r\n                            <div class=\"text-banner\">\r\n                                \n<p class=\" \">Auch Du kannst ganz einfach bestehen.\n<div><strong>Wir begleiten dich auf deinem Weg zum F\u00fchrerschein<\/strong><\/div>\n    <a class=\"btn-border\" href=\"#\" data-toggle=\"modal\" data-target=\"#ModalOrderPackage824225\">Hast du Fragen?<\/a>\r\n    <\/div>\r\n                        <\/div>\r\n                        <img class=\"carObj-mobile\" src=\"https:\/\/www.fahrschule-friedel-thiele.de\/cms\/wp-content\/uploads\/2020\/04\/troc.png\" alt=\"\">\r\n                        <div class=\"col-moving-car moving-car\">\r\n                            <img class=\"carObj-arrow-down\" src=\"https:\/\/www.fahrschule-friedel-thiele.de\/cms\/wp-content\/themes\/dricub-driving-school\/images\/carObj-arrow-down.png\" alt=\"\">\r\n                            <div class=\"carObj\" style=\"background: url(https:\/\/www.fahrschule-friedel-thiele.de\/cms\/wp-content\/uploads\/2020\/04\/trocNEU2.png) 0 -10px no-repeat;\">\r\n                                 <img class=\"wheel wheel1\" src=\"https:\/\/www.fahrschule-friedel-thiele.de\/cms\/wp-content\/uploads\/2020\/03\/troc_rimsN.png\" alt=\"\">\r\n                                 <img class=\"wheel wheel2\" src=\"https:\/\/www.fahrschule-friedel-thiele.de\/cms\/wp-content\/uploads\/2020\/03\/troc_rimsN.png\" alt=\"\">\r\n                            <\/div>\r\n                             <div class=\"carObj-mobilemiter\"><\/div>\r\n                        <\/div>\r\n                    <\/div>[\/vc_column][\/vc_row][vc_row full_width=&#8220;stretch_row&#8220; el_class=&#8220;home-timer-banner&#8220;][vc_column][vc_wp_text]<pre class=\"ti-widget\"><div class=\"ti-widget ti-goog\" data-no-translation=\"true\" data-layout-id=\"4\" data-set-id=\"light-contrast\" data-pid=\"\" data-pager-autoplay-timeout=\"6\" data-review-target-width=\"300\" data-language=\"de\" > <div class=\"ti-widget-container ti-col-3\"> <div class=\"ti-reviews-container\"> <div class=\"ti-controls\"> <div class=\"ti-next\" aria-label=\"N\u00e4chste Bewertung\"><\/div> <div class=\"ti-prev\" aria-label=\"Vorherige Bewertung\"><\/div> <\/div> <div class=\"ti-reviews-container-wrapper\">  <div data-empty=\"0\" class=\"ti-review-item source-Google\" > <div class=\"ti-inner\"> <div class=\"ti-review-header\"> <div class=\"ti-profile-img\"> <img src=\"https:\/\/lh3.googleusercontent.com\/a-\/ALV-UjW7gEz5PXLGAFqKEd6VHDmlI0sS6cNBac9WdMvBykbRTP2-N74=s120-c-rp-mo-ba4-br100\" alt=\"Bj\u00f6rn D\" \/> <\/div> <div class=\"ti-profile-details\"> <div class=\"ti-name\"> Bj\u00f6rn D <\/div> <div class=\"ti-date\">18\/06\/2024<\/div> <\/div> <\/div> <span class=\"ti-stars\"><span class=\"ti-star f\"><\/span><span class=\"ti-star f\"><\/span><span class=\"ti-star f\"><\/span><span class=\"ti-star f\"><\/span><span class=\"ti-star f\"><\/span><\/span> <div class=\"ti-review-text-container ti-review-content\"><!-- R-CONTENT -->Ich habe dort meine Klasse A gemacht. Das gesamte Team ist super nett und es hat wirklich Freude gemacht dort zu lernen. Ich hatte als praktischen Ausbilder Christian, sehr netter und ruhiger Fahrlehrer. Erkl\u00e4rt alles wunderbar\ud83d\udc4d\ud83c\udffc kann das Team und die Fahrschule zu 100% weiterempfehlen.<!-- R-CONTENT --><\/div> <span class=\"ti-read-more\" data-container=\".ti-review-content\" data-collapse-text=\"Ausblenden\" data-open-text=\"Weiterlesen\" ><\/span> <\/div> <\/div>  <div data-empty=\"0\" class=\"ti-review-item source-Google\" > <div class=\"ti-inner\"> <div class=\"ti-review-header\"> <div class=\"ti-profile-img\"> <img src=\"https:\/\/lh3.googleusercontent.com\/a\/ACg8ocK_Max_V9J_HlZV4sCMSJSjCbIvQqfv83NeM5XXCUTGZ6BHRg=s120-c-rp-mo-br100\" alt=\"Albert Franke\" \/> <\/div> <div class=\"ti-profile-details\"> <div class=\"ti-name\"> Albert Franke <\/div> <div class=\"ti-date\">20\/04\/2024<\/div> <\/div> <\/div> <span class=\"ti-stars\"><span class=\"ti-star f\"><\/span><span class=\"ti-star f\"><\/span><span class=\"ti-star f\"><\/span><span class=\"ti-star f\"><\/span><span class=\"ti-star f\"><\/span><\/span> <div class=\"ti-review-text-container ti-review-content\"><!-- R-CONTENT -->Wer eine angenehme, kompetente Fahrschule sucht, ist hier bestens aufgehoben! Christian hat einen fantastischen Job gemacht, besser gehts nicht. Alle Daumen hoch!<!-- R-CONTENT --><\/div> <span class=\"ti-read-more\" data-container=\".ti-review-content\" data-collapse-text=\"Ausblenden\" data-open-text=\"Weiterlesen\" ><\/span> <\/div> <\/div>  <div data-empty=\"0\" class=\"ti-review-item source-Google\" > <div class=\"ti-inner\"> <div class=\"ti-review-header\"> <div class=\"ti-profile-img\"> <img src=\"https:\/\/lh3.googleusercontent.com\/a\/ACg8ocKK247ElpxGEWGhZEq86sfo8Ek2T_2GlU75ZbTxh-D6_6uoHg=s120-c-rp-mo-br100\" alt=\"Michael Wiesweg\" \/> <\/div> <div class=\"ti-profile-details\"> <div class=\"ti-name\"> Michael Wiesweg <\/div> <div class=\"ti-date\">17\/04\/2024<\/div> <\/div> <\/div> <span class=\"ti-stars\"><span class=\"ti-star f\"><\/span><span class=\"ti-star f\"><\/span><span class=\"ti-star f\"><\/span><span class=\"ti-star f\"><\/span><span class=\"ti-star f\"><\/span><\/span> <div class=\"ti-review-text-container ti-review-content\"><!-- R-CONTENT -->Top Fahrschule sehr gute Abwicklung  !<!-- R-CONTENT --><\/div> <span class=\"ti-read-more\" data-container=\".ti-review-content\" data-collapse-text=\"Ausblenden\" data-open-text=\"Weiterlesen\" ><\/span> <\/div> <\/div>  <div data-empty=\"0\" class=\"ti-review-item source-Google\" > <div class=\"ti-inner\"> <div class=\"ti-review-header\"> <div class=\"ti-profile-img\"> <img src=\"https:\/\/lh3.googleusercontent.com\/a-\/ALV-UjUv8sc2IVo_86OUa2JiVJnp4Mqi8xgEs2Evt6_JoLRBaj0OH14T=s120-c-rp-mo-br100\" alt=\"Alara \u00d6zenli\" \/> <\/div> <div class=\"ti-profile-details\"> <div class=\"ti-name\"> Alara \u00d6zenli <\/div> <div class=\"ti-date\">14\/03\/2024<\/div> <\/div> <\/div> <span class=\"ti-stars\"><span class=\"ti-star f\"><\/span><span class=\"ti-star f\"><\/span><span class=\"ti-star f\"><\/span><span class=\"ti-star f\"><\/span><span class=\"ti-star f\"><\/span><\/span> <div class=\"ti-review-text-container ti-review-content\"><!-- R-CONTENT -->Die Ausbildung hat mir ehrlich so spa\u00df gemacht Top Fahrlehrer es war ehrlich mega Gut<!-- R-CONTENT --><\/div> <span class=\"ti-read-more\" data-container=\".ti-review-content\" data-collapse-text=\"Ausblenden\" data-open-text=\"Weiterlesen\" ><\/span> <\/div> <\/div>  <div data-empty=\"0\" class=\"ti-review-item source-Google\" > <div class=\"ti-inner\"> <div class=\"ti-review-header\"> <div class=\"ti-profile-img\"> <img src=\"https:\/\/lh3.googleusercontent.com\/a\/ACg8ocIWUMMW5nnC6iNEXlXnXv4He8Pv19wEE1DsOl99aYnGU8vmIw=s120-c-rp-mo-br100\" alt=\"Erika Michel\" \/> <\/div> <div class=\"ti-profile-details\"> <div class=\"ti-name\"> Erika Michel <\/div> <div class=\"ti-date\">21\/02\/2024<\/div> <\/div> <\/div> <span class=\"ti-stars\"><span class=\"ti-star f\"><\/span><span class=\"ti-star f\"><\/span><span class=\"ti-star f\"><\/span><span class=\"ti-star f\"><\/span><span class=\"ti-star f\"><\/span><\/span> <div class=\"ti-review-text-container ti-review-content\"><!-- R-CONTENT -->Ich kann die Fahrschule Friedel Thiele w\u00e4rmstens empfehlen! Die professionelle und freundliche Art des gesamten Teams hat mir geholfen, meine Fahrpr\u00fcfung mit Leichtigkeit zu bestehen. Mein Fahrlehrer Friedemann war geduldig, gut ausgebildet und hat mir das n\u00f6tige Vertrauen hinter dem Lenkrad gegeben. Auch die Flexibilit\u00e4t bei der Terminvereinbarung war top! Dank der Fahrschule Friedel Thiele habe ich nicht nur meinen F\u00fchrerschein erhalten, sondern auch das n\u00f6tige Vertrauen im Stra\u00dfenverkehr entwickelt. Vielen Dank an das gesamte Team f\u00fcr diese gro\u00dfartige Erfahrung!<!-- R-CONTENT --><\/div> <span class=\"ti-read-more\" data-container=\".ti-review-content\" data-collapse-text=\"Ausblenden\" data-open-text=\"Weiterlesen\" ><\/span> <\/div> <\/div>  <div data-empty=\"0\" class=\"ti-review-item source-Google\" > <div class=\"ti-inner\"> <div class=\"ti-review-header\"> <div class=\"ti-profile-img\"> <img src=\"https:\/\/lh3.googleusercontent.com\/a\/ACg8ocIIlYVCDRxOtJEhmE5l0cD_Q6ybXhUpiwWXTDAGbIJcc1-hgg=s120-c-rp-mo-br100\" alt=\"Jonas Becker\" \/> <\/div> <div class=\"ti-profile-details\"> <div class=\"ti-name\"> Jonas Becker <\/div> <div class=\"ti-date\">06\/02\/2024<\/div> <\/div> <\/div> <span class=\"ti-stars\"><span class=\"ti-star f\"><\/span><span class=\"ti-star f\"><\/span><span class=\"ti-star f\"><\/span><span class=\"ti-star f\"><\/span><span class=\"ti-star f\"><\/span><\/span> <div class=\"ti-review-text-container ti-review-content\"><!-- R-CONTENT -->Super Fahrschule und nette Lehrer, hat alles unkompliziert und Kosteng\u00fcnstig geklappt \ud83d\udc4d\ud83c\udffb sehr zu empfehlen<!-- R-CONTENT --><\/div> <span class=\"ti-read-more\" data-container=\".ti-review-content\" data-collapse-text=\"Ausblenden\" data-open-text=\"Weiterlesen\" ><\/span> <\/div> <\/div>  <div data-empty=\"0\" class=\"ti-review-item source-Google\" > <div class=\"ti-inner\"> <div class=\"ti-review-header\"> <div class=\"ti-profile-img\"> <img src=\"https:\/\/lh3.googleusercontent.com\/a\/ACg8ocIcTmlll58WTbwD1lDwRfzC5ITHORPGspbgWHOFJcK8ZAZHRA=s120-c-rp-mo-br100\" alt=\"Sebastian Henneken\" \/> <\/div> <div class=\"ti-profile-details\"> <div class=\"ti-name\"> Sebastian Henneken <\/div> <div class=\"ti-date\">31\/01\/2024<\/div> <\/div> <\/div> <span class=\"ti-stars\"><span class=\"ti-star f\"><\/span><span class=\"ti-star f\"><\/span><span class=\"ti-star f\"><\/span><span class=\"ti-star f\"><\/span><span class=\"ti-star f\"><\/span><\/span> <div class=\"ti-review-text-container ti-review-content\"><!-- R-CONTENT -->Nochmal vielen Dank an Christian\u2026 12\/10!!!\nSuper Fahrschule, kompetent, freundlich, unkompliziert, flexibel alles in allem Perfekt, jederzeit wieder und nur zu empfehlen !!!\nVG<!-- R-CONTENT --><\/div> <span class=\"ti-read-more\" data-container=\".ti-review-content\" data-collapse-text=\"Ausblenden\" data-open-text=\"Weiterlesen\" ><\/span> <\/div> <\/div>  <div data-empty=\"0\" class=\"ti-review-item source-Google\" > <div class=\"ti-inner\"> <div class=\"ti-review-header\"> <div class=\"ti-profile-img\"> <img src=\"https:\/\/lh3.googleusercontent.com\/a\/ACg8ocI2HX6kIX9yVYtjISQU236OBo90dpxcr8LcpHJ1geW7b1uX8Q=s120-c-rp-mo-ba2-br100\" alt=\"Murat \u00d6zkur\" \/> <\/div> <div class=\"ti-profile-details\"> <div class=\"ti-name\"> Murat \u00d6zkur <\/div> <div class=\"ti-date\">21\/01\/2024<\/div> <\/div> <\/div> <span class=\"ti-stars\"><span class=\"ti-star f\"><\/span><span class=\"ti-star f\"><\/span><span class=\"ti-star f\"><\/span><span class=\"ti-star f\"><\/span><span class=\"ti-star f\"><\/span><\/span> <div class=\"ti-review-text-container ti-review-content\"><!-- R-CONTENT -->Super Team, sehr zuverl\u00e4ssig.<!-- R-CONTENT --><\/div> <span class=\"ti-read-more\" data-container=\".ti-review-content\" data-collapse-text=\"Ausblenden\" data-open-text=\"Weiterlesen\" ><\/span> <\/div> <\/div>  <div data-empty=\"0\" class=\"ti-review-item source-Google\" > <div class=\"ti-inner\"> <div class=\"ti-review-header\"> <div class=\"ti-profile-img\"> <img src=\"https:\/\/lh3.googleusercontent.com\/a-\/ALV-UjXOJf4fgBrMHJTQlHPsEMQa1f8RfQ39e2LhpAVADt5Et3rNibi-=s120-c-rp-mo-br100\" alt=\"LSchumiDerMac04 (SonGohan04)\" \/> <\/div> <div class=\"ti-profile-details\"> <div class=\"ti-name\"> LSchumiDerMac04 (SonGohan04) <\/div> <div class=\"ti-date\">09\/12\/2023<\/div> <\/div> <\/div> <span class=\"ti-stars\"><span class=\"ti-star f\"><\/span><span class=\"ti-star f\"><\/span><span class=\"ti-star f\"><\/span><span class=\"ti-star f\"><\/span><span class=\"ti-star f\"><\/span><\/span> <div class=\"ti-review-text-container ti-review-content\"><!-- R-CONTENT -->Sehr angenehme Atmosph\u00e4re, Fahrlehrer, mit denen man sehr gut zusammenarbeiten kann und mit denen man einen gut strukturierten Weg zum F\u00fchrerschein bekommt! Gro\u00dfes Lob an Familie Thiele und Ihre Verwandte!<!-- R-CONTENT --><\/div> <span class=\"ti-read-more\" data-container=\".ti-review-content\" data-collapse-text=\"Ausblenden\" data-open-text=\"Weiterlesen\" ><\/span> <\/div> <\/div>  <div data-empty=\"1\" class=\"ti-review-item source-Google\" > <div class=\"ti-inner\"> <div class=\"ti-review-header\"> <div class=\"ti-profile-img\"> <img src=\"https:\/\/lh3.googleusercontent.com\/a-\/ALV-UjV3d-BtRp6-7xPqfLs1wOYYeWcUuwhkNp2xI4NwYWptqqFcvwQ=s120-c-rp-mo-br100\" alt=\"Marcel\" \/> <\/div> <div class=\"ti-profile-details\"> <div class=\"ti-name\"> Marcel <\/div> <div class=\"ti-date\">07\/12\/2023<\/div> <\/div> <\/div> <span class=\"ti-stars\"><span class=\"ti-star f\"><\/span><span class=\"ti-star f\"><\/span><span class=\"ti-star f\"><\/span><span class=\"ti-star f\"><\/span><span class=\"ti-star f\"><\/span><\/span> <div class=\"ti-review-text-container ti-review-content\"><!-- R-CONTENT --><!-- R-CONTENT --><\/div> <span class=\"ti-read-more\" data-container=\".ti-review-content\" data-collapse-text=\"Ausblenden\" data-open-text=\"Weiterlesen\" ><\/span> <\/div> <\/div>  <\/div> <div class=\"ti-controls-line\"> <div class=\"dot\"><\/div> <\/div> <\/div> <div class=\"ti-footer\"> <div class=\"ti-rating-text\"> <span class=\"nowrap\"><strong>Google<\/strong> Gesamtbewertung <\/span><span class=\"nowrap\"><strong>5.0<\/strong> von 5, <\/span><span class=\"nowrap\">basierend auf <strong>71 Bewertungen<\/strong><\/span> <\/div> <\/div>  <\/div> <\/div> <\/pre>[\/vc_wp_text][\/vc_column][\/vc_row]<\/p>\n<\/section>","protected":false},"excerpt":{"rendered":"<p>[vc_row full_width=&#8220;stretch_row_content&#8220; el_class=&#8220;in-full-column&#8220;][vc_column][\/vc_column][\/vc_row][vc_row full_width=&#8220;stretch_row_content&#8220; el_class=&#8220;in-full-column&#8220;][vc_column][\/vc_column][vc_column][vc_images_carousel images=&#8220;3024,3025&#8243; img_size=&#8220;full&#8220; slides_per_view=&#8220;2&#8243; hide_pagination_control=&#8220;yes&#8220; hide_prev_next_buttons=&#8220;yes&#8220;][\/vc_column][\/vc_row][vc_row full_width=&#8220;stretch_row_content_no_spaces&#8220; el_class=&#8220;home-ready-section&#8220;][vc_column][\/vc_column][\/vc_row][vc_row full_width=&#8220;stretch_row_content&#8220; el_class=&#8220;in-full-column&#8220;][vc_column][\/vc_column][\/vc_row][vc_row el_class=&#8220;in-full-column mov-right1-section home-program&#8220;][vc_column][vc_column_text css=&#8220;.vc_custom_1658493855215{margin-bottom: -20px !important;}&#8220; el_id=&#8220;leistungen&#8220;] Unsere Leistungen [\/vc_column_text][\/vc_column][\/vc_row][vc_row el_class=&#8220;in-full-column mov-right1-section&#8220;][vc_column][vc_column_text css=&#8220;.vc_custom_1658493881976{margin-bottom: -5px !important;}&#8220;] Warum zu uns? [\/vc_column_text][vc_column_text css=&#8220;.vc_custom_1757334759908{margin-top: 5px !important;margin-bottom: 0px !important;}&#8220;]Ein F\u00fchrerschein kostet nicht nur wertvolle Zeit, sondern auch Geld. Daher ist die Wahl der richtigen Fahrschule eine [&hellip;]<\/p>\n","protected":false},"author":2,"featured_media":0,"parent":0,"menu_order":0,"comment_status":"closed","ping_status":"closed","template":"","meta":{"_uf_show_specific_survey":0,"_uf_disable_surveys":false},"yoast_head":"<!-- This site is optimized with the Yoast SEO plugin v20.4 - https:\/\/yoast.com\/wordpress\/plugins\/seo\/ -->\n<title>Fahrschule Thiele in Brilon - Schnell und sicher zum F\u00fchrerschein<\/title>\n<meta name=\"description\" content=\"Deine Fahrschule in Brilon f\u00fcr die Ausbildung rund um den F\u00fchrerschein! Profitiere also auch Du von unserer \u00fcber 40-j\u00e4hrigen Erfahrung!\" \/>\n<meta name=\"robots\" content=\"index, follow, max-snippet:-1, max-image-preview:large, max-video-preview:-1\" \/>\n<link rel=\"canonical\" href=\"https:\/\/www.fahrschule-friedel-thiele.de\/cms\/\" \/>\n<meta property=\"og:locale\" content=\"de_DE\" \/>\n<meta property=\"og:type\" content=\"article\" \/>\n<meta property=\"og:title\" content=\"Fahrschule Thiele in Brilon - Schnell und sicher zum F\u00fchrerschein\" \/>\n<meta property=\"og:description\" content=\"Deine Fahrschule in Brilon f\u00fcr die Ausbildung rund um den F\u00fchrerschein! Profitiere also auch Du von unserer \u00fcber 40-j\u00e4hrigen Erfahrung!\" \/>\n<meta property=\"og:url\" content=\"https:\/\/www.fahrschule-friedel-thiele.de\/cms\/\" \/>\n<meta property=\"og:site_name\" content=\"Fahrschule Friedel Thiele\" \/>\n<meta property=\"article:publisher\" content=\"https:\/\/www.facebook.com\/fahrschulethiele\" \/>\n<meta property=\"article:modified_time\" content=\"2026-01-28T14:30:23+00:00\" \/>\n<meta property=\"og:image\" content=\"https:\/\/www.fahrschule-friedel-thiele.de\/cms\/wp-content\/uploads\/2024\/12\/Cupra-Tanke.jpg-scaled.jpg\" \/>\n\t<meta property=\"og:image:width\" content=\"2560\" \/>\n\t<meta property=\"og:image:height\" content=\"1920\" \/>\n\t<meta property=\"og:image:type\" content=\"image\/jpeg\" \/>\n<meta name=\"twitter:card\" content=\"summary_large_image\" \/>\n<meta name=\"twitter:label1\" content=\"Gesch\u00e4tzte Lesezeit\" \/>\n\t<meta name=\"twitter:data1\" content=\"4 Minuten\" \/>\n<script type=\"application\/ld+json\" class=\"yoast-schema-graph\">{\"@context\":\"https:\/\/schema.org\",\"@graph\":[{\"@type\":\"WebPage\",\"@id\":\"https:\/\/www.fahrschule-friedel-thiele.de\/cms\/\",\"url\":\"https:\/\/www.fahrschule-friedel-thiele.de\/cms\/\",\"name\":\"Fahrschule Thiele in Brilon - Schnell und sicher zum F\u00fchrerschein\",\"isPartOf\":{\"@id\":\"https:\/\/www.fahrschule-friedel-thiele.de\/cms\/#website\"},\"datePublished\":\"2017-10-14T04:58:55+00:00\",\"dateModified\":\"2026-01-28T14:30:23+00:00\",\"description\":\"Deine Fahrschule in Brilon f\u00fcr die Ausbildung rund um den F\u00fchrerschein! Profitiere also auch Du von unserer \u00fcber 40-j\u00e4hrigen Erfahrung!\",\"breadcrumb\":{\"@id\":\"https:\/\/www.fahrschule-friedel-thiele.de\/cms\/#breadcrumb\"},\"inLanguage\":\"de-DE\",\"potentialAction\":[{\"@type\":\"ReadAction\",\"target\":[\"https:\/\/www.fahrschule-friedel-thiele.de\/cms\/\"]}]},{\"@type\":\"BreadcrumbList\",\"@id\":\"https:\/\/www.fahrschule-friedel-thiele.de\/cms\/#breadcrumb\",\"itemListElement\":[{\"@type\":\"ListItem\",\"position\":1,\"name\":\"Home\",\"item\":\"https:\/\/www.fahrschule-friedel-thiele.de\/cms\/\"},{\"@type\":\"ListItem\",\"position\":2,\"name\":\"Home\"}]},{\"@type\":\"WebSite\",\"@id\":\"https:\/\/www.fahrschule-friedel-thiele.de\/cms\/#website\",\"url\":\"https:\/\/www.fahrschule-friedel-thiele.de\/cms\/\",\"name\":\"Fahrschule Friedel Thiele\",\"description\":\"Schnell und sicher zum F\u00fchrerschein\",\"publisher\":{\"@id\":\"https:\/\/www.fahrschule-friedel-thiele.de\/cms\/#organization\"},\"alternateName\":\"Fahrschule Thiele\",\"potentialAction\":[{\"@type\":\"SearchAction\",\"target\":{\"@type\":\"EntryPoint\",\"urlTemplate\":\"https:\/\/www.fahrschule-friedel-thiele.de\/cms\/?s={search_term_string}\"},\"query-input\":\"required name=search_term_string\"}],\"inLanguage\":\"de-DE\"},{\"@type\":\"Organization\",\"@id\":\"https:\/\/www.fahrschule-friedel-thiele.de\/cms\/#organization\",\"name\":\"Fahrschule Friedel Thiele\",\"alternateName\":\"Fahrschule Thiele\",\"url\":\"https:\/\/www.fahrschule-friedel-thiele.de\/cms\/\",\"logo\":{\"@type\":\"ImageObject\",\"inLanguage\":\"de-DE\",\"@id\":\"https:\/\/www.fahrschule-friedel-thiele.de\/cms\/#\/schema\/logo\/image\/\",\"url\":\"https:\/\/www.fahrschule-friedel-thiele.de\/cms\/wp-content\/uploads\/2024\/07\/Untitled-design1.jpeg\",\"contentUrl\":\"https:\/\/www.fahrschule-friedel-thiele.de\/cms\/wp-content\/uploads\/2024\/07\/Untitled-design1.jpeg\",\"width\":696,\"height\":696,\"caption\":\"Fahrschule Friedel Thiele\"},\"image\":{\"@id\":\"https:\/\/www.fahrschule-friedel-thiele.de\/cms\/#\/schema\/logo\/image\/\"},\"sameAs\":[\"https:\/\/www.facebook.com\/fahrschulethiele\",\"https:\/\/www.instagram.com\/fahrschule_thiele\/\"]}]}<\/script>\n<!-- \/ Yoast SEO plugin. -->","yoast_head_json":{"title":"Fahrschule Thiele in Brilon - Schnell und sicher zum F\u00fchrerschein","description":"Deine Fahrschule in Brilon f\u00fcr die Ausbildung rund um den F\u00fchrerschein! Profitiere also auch Du von unserer \u00fcber 40-j\u00e4hrigen Erfahrung!","robots":{"index":"index","follow":"follow","max-snippet":"max-snippet:-1","max-image-preview":"max-image-preview:large","max-video-preview":"max-video-preview:-1"},"canonical":"https:\/\/www.fahrschule-friedel-thiele.de\/cms\/","og_locale":"de_DE","og_type":"article","og_title":"Fahrschule Thiele in Brilon - Schnell und sicher zum F\u00fchrerschein","og_description":"Deine Fahrschule in Brilon f\u00fcr die Ausbildung rund um den F\u00fchrerschein! Profitiere also auch Du von unserer \u00fcber 40-j\u00e4hrigen Erfahrung!","og_url":"https:\/\/www.fahrschule-friedel-thiele.de\/cms\/","og_site_name":"Fahrschule Friedel Thiele","article_publisher":"https:\/\/www.facebook.com\/fahrschulethiele","article_modified_time":"2026-01-28T14:30:23+00:00","og_image":[{"width":2560,"height":1920,"url":"https:\/\/www.fahrschule-friedel-thiele.de\/cms\/wp-content\/uploads\/2024\/12\/Cupra-Tanke.jpg-scaled.jpg","type":"image\/jpeg"}],"twitter_card":"summary_large_image","twitter_misc":{"Gesch\u00e4tzte Lesezeit":"4 Minuten"},"schema":{"@context":"https:\/\/schema.org","@graph":[{"@type":"WebPage","@id":"https:\/\/www.fahrschule-friedel-thiele.de\/cms\/","url":"https:\/\/www.fahrschule-friedel-thiele.de\/cms\/","name":"Fahrschule Thiele in Brilon - Schnell und sicher zum F\u00fchrerschein","isPartOf":{"@id":"https:\/\/www.fahrschule-friedel-thiele.de\/cms\/#website"},"datePublished":"2017-10-14T04:58:55+00:00","dateModified":"2026-01-28T14:30:23+00:00","description":"Deine Fahrschule in Brilon f\u00fcr die Ausbildung rund um den F\u00fchrerschein! Profitiere also auch Du von unserer \u00fcber 40-j\u00e4hrigen Erfahrung!","breadcrumb":{"@id":"https:\/\/www.fahrschule-friedel-thiele.de\/cms\/#breadcrumb"},"inLanguage":"de-DE","potentialAction":[{"@type":"ReadAction","target":["https:\/\/www.fahrschule-friedel-thiele.de\/cms\/"]}]},{"@type":"BreadcrumbList","@id":"https:\/\/www.fahrschule-friedel-thiele.de\/cms\/#breadcrumb","itemListElement":[{"@type":"ListItem","position":1,"name":"Home","item":"https:\/\/www.fahrschule-friedel-thiele.de\/cms\/"},{"@type":"ListItem","position":2,"name":"Home"}]},{"@type":"WebSite","@id":"https:\/\/www.fahrschule-friedel-thiele.de\/cms\/#website","url":"https:\/\/www.fahrschule-friedel-thiele.de\/cms\/","name":"Fahrschule Friedel Thiele","description":"Schnell und sicher zum F\u00fchrerschein","publisher":{"@id":"https:\/\/www.fahrschule-friedel-thiele.de\/cms\/#organization"},"alternateName":"Fahrschule Thiele","potentialAction":[{"@type":"SearchAction","target":{"@type":"EntryPoint","urlTemplate":"https:\/\/www.fahrschule-friedel-thiele.de\/cms\/?s={search_term_string}"},"query-input":"required name=search_term_string"}],"inLanguage":"de-DE"},{"@type":"Organization","@id":"https:\/\/www.fahrschule-friedel-thiele.de\/cms\/#organization","name":"Fahrschule Friedel Thiele","alternateName":"Fahrschule Thiele","url":"https:\/\/www.fahrschule-friedel-thiele.de\/cms\/","logo":{"@type":"ImageObject","inLanguage":"de-DE","@id":"https:\/\/www.fahrschule-friedel-thiele.de\/cms\/#\/schema\/logo\/image\/","url":"https:\/\/www.fahrschule-friedel-thiele.de\/cms\/wp-content\/uploads\/2024\/07\/Untitled-design1.jpeg","contentUrl":"https:\/\/www.fahrschule-friedel-thiele.de\/cms\/wp-content\/uploads\/2024\/07\/Untitled-design1.jpeg","width":696,"height":696,"caption":"Fahrschule Friedel Thiele"},"image":{"@id":"https:\/\/www.fahrschule-friedel-thiele.de\/cms\/#\/schema\/logo\/image\/"},"sameAs":["https:\/\/www.facebook.com\/fahrschulethiele","https:\/\/www.instagram.com\/fahrschule_thiele\/"]}]}},"_links":{"self":[{"href":"https:\/\/www.fahrschule-friedel-thiele.de\/cms\/index.php?rest_route=\/wp\/v2\/pages\/8"}],"collection":[{"href":"https:\/\/www.fahrschule-friedel-thiele.de\/cms\/index.php?rest_route=\/wp\/v2\/pages"}],"about":[{"href":"https:\/\/www.fahrschule-friedel-thiele.de\/cms\/index.php?rest_route=\/wp\/v2\/types\/page"}],"author":[{"embeddable":true,"href":"https:\/\/www.fahrschule-friedel-thiele.de\/cms\/index.php?rest_route=\/wp\/v2\/users\/2"}],"replies":[{"embeddable":true,"href":"https:\/\/www.fahrschule-friedel-thiele.de\/cms\/index.php?rest_route=%2Fwp%2Fv2%2Fcomments&post=8"}],"version-history":[{"count":243,"href":"https:\/\/www.fahrschule-friedel-thiele.de\/cms\/index.php?rest_route=\/wp\/v2\/pages\/8\/revisions"}],"predecessor-version":[{"id":3032,"href":"https:\/\/www.fahrschule-friedel-thiele.de\/cms\/index.php?rest_route=\/wp\/v2\/pages\/8\/revisions\/3032"}],"wp:attachment":[{"href":"https:\/\/www.fahrschule-friedel-thiele.de\/cms\/index.php?rest_route=%2Fwp%2Fv2%2Fmedia&parent=8"}],"curies":[{"name":"wp","href":"https:\/\/api.w.org\/{rel}","templated":true}]}}