{"id":1601,"date":"2017-10-14T11:43:15","date_gmt":"2017-10-14T11:43:15","guid":{"rendered":"https:\/\/smartdata.tonytemplates.com\/driving-school\/?page_id=77"},"modified":"2026-01-28T16:32:10","modified_gmt":"2026-01-28T14:32:10","slug":"about","status":"publish","type":"page","link":"https:\/\/www.fahrschule-friedel-thiele.de\/cms\/?page_id=1601","title":{"rendered":"\u00dcber uns"},"content":{"rendered":"<section class=\"wpb-content-wrapper\"><p>[vc_row el_id=&#8220;company-overview&#8220; css=&#8220;.vc_custom_1587475703158{margin-top: 0px !important;margin-bottom: 0px !important;border-right-width: 30px !important;padding-left: 30px !important;}&#8220;][vc_column el_id=&#8220;columning&#8220;][vc_column_text css=&#8220;.vc_custom_1658497044426{margin-bottom: 0px !important;}&#8220;]<\/p>\n<h1 class=\"tt-title-lg text-center title-sub-page\"><span style=\"color: #2e4394;\">\u00dcber unsere Fahrschule<\/span><\/h1>\n<p>[\/vc_column_text][\/vc_column][\/vc_row][vc_row el_class=&#8220;row-img-left&#8220; css=&#8220;.vc_custom_1658523558727{margin-right: 20px !important;margin-left: 20px !important;padding-bottom: 30px !important;background-color: #2e4394 !important;border-radius: 10px !important;}&#8220;][vc_column offset=&#8220;vc_col-lg-6 vc_col-md-6&#8243;][vc_single_image image=&#8220;2736&#8243; img_size=&#8220;560&#215;412&#8243; css=&#8220;.vc_custom_1680348007746{margin-bottom: 0px !important;}&#8220;][\/vc_column][vc_column el_class=&#8220;col-content in-full-column&#8220; offset=&#8220;vc_col-lg-6 vc_col-md-6&#8243;][vc_column_text css=&#8220;.vc_custom_1694582899178{margin-bottom: 0px !important;}&#8220;]<span style=\"color: #ffffff;\">Am 17. September 1985 er\u00f6ffnete Friedel Thiele<\/span><br \/>\n<span style=\"color: #ffffff;\">in der Niederen Mauer 3 am Derker Tor in Brilon<\/span><br \/>\n<span style=\"color: #ffffff;\">seine Fahrschule.<\/span><br \/>\n<span style=\"color: #ffffff;\">Von Beginn an war es die Firmen-Philosophie des<\/span><br \/>\n<span style=\"color: #ffffff;\">Fahrschulinhabers, dass eine gute und seri\u00f6se<\/span><br \/>\n<span style=\"color: #ffffff;\">Ausbildung die beste Voraussetzung f\u00fcr eine<\/span><br \/>\n<span style=\"color: #ffffff;\">erfolgreiche F\u00fchrerscheinpr\u00fcfung ist und, dass<\/span><br \/>\n<span style=\"color: #ffffff;\">Qualit\u00e4t Vertrauen schafft.<\/span><br \/>\n<span style=\"color: #ffffff;\">Der Erfolg gibt uns Recht und basiert nicht zuletzt<\/span><br \/>\n<span style=\"color: #ffffff;\">auch auf dem \u00fcberdurchschnittlich hohen<\/span><br \/>\n<span style=\"color: #ffffff;\">Prozentsatz von Fahrsch\u00fclern, die die theoretische<\/span><br \/>\n<span style=\"color: #ffffff;\">und praktische Pr\u00fcfung auf Anhieb bei uns bestehen!<\/span><\/p>\n<p><span style=\"color: #ffffff;\">Im Oktober 2005 er\u00f6ffneten wir in Hoppecke in der<\/span><br \/>\n<span style=\"color: #ffffff;\">Bontkirchener Stra\u00dfe 21 eine Zweigstelle, um damit<\/span><br \/>\n<span style=\"color: #ffffff;\">den Kunden aus Hoppecke, Messinghausen und<\/span><br \/>\n<span style=\"color: #ffffff;\">Bontkirchen noch n\u00e4her zu sein!<\/span><\/p>\n<p><span style=\"color: #ffffff;\">Im Januar 2017 erfolgte dann der Umzug von der<\/span><br \/>\n<span style=\"color: #ffffff;\">Niederen Mauer 3 in die Marktstr.22 in Brilon.<\/span><\/p>\n<p><span style=\"color: #ffffff;\">Im Mai 2023 erfolgte der Umzug unserer Zweigstelle in Hoppecke in die Parkstr.6.<\/span>[\/vc_column_text][\/vc_column][\/vc_row][vc_row][vc_column width=&#8220;1\/3&#8243;][\/vc_column][vc_column width=&#8220;2\/3&#8243;][vc_column_text css=&#8220;.vc_custom_1743325961030{margin-bottom: 0px !important;}&#8220;]<\/p>\n<ul>\n<li><span style=\"color: #2e4394;\">freie Wahl des Fahrlehrers<\/span><\/li>\n<li><span style=\"color: #2e4394;\">ein Fahrlehrer f\u00fcr die gesamte praktische Ausbildung<\/span><\/li>\n<li><span style=\"color: #2e4394;\">transparente Preise<\/span><\/li>\n<li><span style=\"color: #2e4394;\">unsere Fahrzeuge sind immer top gepflegt und ausgestattet<\/span><\/li>\n<li><span style=\"color: #2e4394;\">unsere Fahrlehrer*innen sind immer auf dem neuesten Stand durch j\u00e4hrliche Weiterbildungen<\/span><\/li>\n<\/ul>\n<p>[\/vc_column_text][\/vc_column][\/vc_row][vc_row full_width=&#8220;stretch_row&#8220; css=&#8220;.vc_custom_1518067018509{background: rgba(22,22,22,0.65) url(https:\/\/smartdata.tonytemplates.com\/dricub-driving-school\/wp-content\/uploads\/2017\/10\/parallax-img-02.jpg?id=258) !important;background-position: 0 0 !important;background-repeat: no-repeat !important;*background-color: rgb(22,22,22) !important;}&#8220; el_class=&#8220;bg-fixed box-parallax-counter about-page-our-advantage&#8220;][vc_column css=&#8220;.vc_custom_1518349606754{padding-top: 0px !important;}&#8220;][vc_column_text css=&#8220;.vc_custom_1587241106817{margin-bottom: 0px !important;}&#8220;]<\/p>\n<h4 class=\"tt-title-lg text-center\" style=\"color: white;\">Unsere Vorteile<\/h4>\n<p>[\/vc_column_text]<div class=\"row \">\r\n        <div class=\"col-xs-6 col-md-3\">\r\n            <div class=\"item-counter\">\r\n                <div class=\"counter\">\r\n                    <img width=\"153\" height=\"153\" src=\"https:\/\/www.fahrschule-friedel-thiele.de\/cms\/wp-content\/uploads\/2017\/10\/img-icon-04.png\" class=\"attachment-full size-full\" alt=\"\" decoding=\"async\" loading=\"lazy\" srcset=\"https:\/\/www.fahrschule-friedel-thiele.de\/cms\/wp-content\/uploads\/2017\/10\/img-icon-04.png 153w, https:\/\/www.fahrschule-friedel-thiele.de\/cms\/wp-content\/uploads\/2017\/10\/img-icon-04-150x150.png 150w\" sizes=\"(max-width: 153px) 100vw, 153px\" \/>                <\/div>\r\n                <div class=\"description\">\r\n                    <div class=\"value\">\r\n                                                <span class=\"tt-counter\" data-from=\"0\" data-to=\"6\">6<\/span>\r\n                                            <\/div>\r\n                    <div class=\"title\">FAHRLEHRER*INNEN<\/div>\r\n                <\/div>\r\n            <\/div>\r\n        <\/div>\r\n        \r\n        <div class=\"col-xs-6 col-md-3\">\r\n            <div class=\"item-counter\">\r\n                <div class=\"counter\">\r\n                    <img width=\"132\" height=\"132\" src=\"https:\/\/www.fahrschule-friedel-thiele.de\/cms\/wp-content\/uploads\/2017\/10\/img-icon-03.png\" class=\"attachment-full size-full\" alt=\"\" decoding=\"async\" loading=\"lazy\" \/>                <\/div>\r\n                <div class=\"description\">\r\n                    <div class=\"value\">\r\n                                                <span class=\"tt-counter\" data-from=\"0\" data-to=\"100\">100<\/span>\r\n                                                    <span class=\"tt-postfix\">%<\/span>\r\n                                            <\/div>\r\n                    <div class=\"title\">IMMER AUF DEM NEUESTEN STAND<\/div>\r\n                <\/div>\r\n            <\/div>\r\n        <\/div>\r\n        \r\n        <div class=\"col-xs-6 col-md-3\">\r\n            <div class=\"item-counter\">\r\n                <div class=\"counter\">\r\n                    <img width=\"147\" height=\"130\" src=\"https:\/\/www.fahrschule-friedel-thiele.de\/cms\/wp-content\/uploads\/2017\/10\/img-icon-01-1.png\" class=\"attachment-full size-full\" alt=\"\" decoding=\"async\" loading=\"lazy\" \/>                <\/div>\r\n                <div class=\"description\">\r\n                    <div class=\"value\">\r\n                                                <span class=\"tt-counter\" data-from=\"0\" data-to=\"100\">100<\/span>\r\n                                                    <span class=\"tt-postfix\">%<\/span>\r\n                                            <\/div>\r\n                    <div class=\"title\">LEIDENSCHAFT<\/div>\r\n                <\/div>\r\n            <\/div>\r\n        <\/div>\r\n        \r\n        <div class=\"col-xs-6 col-md-3\">\r\n            <div class=\"item-counter\">\r\n                <div class=\"counter\">\r\n                    <img width=\"132\" height=\"132\" src=\"https:\/\/www.fahrschule-friedel-thiele.de\/cms\/wp-content\/uploads\/2017\/10\/img-icon-02-1.png\" class=\"attachment-full size-full\" alt=\"\" decoding=\"async\" loading=\"lazy\" \/>                <\/div>\r\n                <div class=\"description\">\r\n                    <div class=\"value\">\r\n                                                <span class=\"tt-counter\" data-from=\"0\" data-to=\"100\">100<\/span>\r\n                                                    <span class=\"tt-postfix\">%<\/span>\r\n                                            <\/div>\r\n                    <div class=\"title\">SPA\u00df<\/div>\r\n                <\/div>\r\n            <\/div>\r\n        <\/div>\r\n        <\/div>[\/vc_column][\/vc_row][vc_row el_class=&#8220;about-page-our-team&#8220;][vc_column css=&#8220;.vc_custom_1586528517015{padding-top: 0px !important;}&#8220; el_id=&#8220;team&#8220;][vc_column_text css=&#8220;.vc_custom_1658497153824{margin-bottom: 0px !important;}&#8220;]<\/p>\n<h3 class=\"tt-title-lg text-center\"><span style=\"color: #2e4394;\">Unser Team<\/span><\/h3>\n<p>[\/vc_column_text][vc_column_text css=&#8220;.vc_custom_1743325896821{margin-bottom: 5px !important;}&#8220;]<\/p>\n<div class=\"text-center text-md\">Unsere erfahrenen und kompetenten Fahrlehrer*innen freuen sich auf dich!<\/div>\n<p>[\/vc_column_text][\/vc_column][\/vc_row][vc_row el_class=&#8220;in-full-column slick-full-slide programming-section&#8220;][vc_column css=&#8220;.vc_custom_1508468483995{margin-bottom: 0px !important;}&#8220;]<div class=\"tt-carusel tt-carusel-top slick-arrow-02 \">        <div class=\"item col-md-4 col-sm-4 col-xs-12\">\r\n            <a href=\"https:\/\/www.fahrschule-friedel-thiele.de\/cms\/?page_id=1601#team\" class=\"tt-box-subjects1\">\r\n                <div class=\"img\"><img width=\"291\" height=\"291\" src=\"https:\/\/www.fahrschule-friedel-thiele.de\/cms\/wp-content\/uploads\/2025\/03\/Friedel.jpg-291x291.jpg\" class=\"attachment-dricub-driving-schools-team-thumbnail size-dricub-driving-schools-team-thumbnail\" alt=\"\" decoding=\"async\" loading=\"lazy\" srcset=\"https:\/\/www.fahrschule-friedel-thiele.de\/cms\/wp-content\/uploads\/2025\/03\/Friedel.jpg-291x291.jpg 291w, https:\/\/www.fahrschule-friedel-thiele.de\/cms\/wp-content\/uploads\/2025\/03\/Friedel.jpg-300x300.jpg 300w, https:\/\/www.fahrschule-friedel-thiele.de\/cms\/wp-content\/uploads\/2025\/03\/Friedel.jpg-1024x1024.jpg 1024w, https:\/\/www.fahrschule-friedel-thiele.de\/cms\/wp-content\/uploads\/2025\/03\/Friedel.jpg-150x150.jpg 150w, https:\/\/www.fahrschule-friedel-thiele.de\/cms\/wp-content\/uploads\/2025\/03\/Friedel.jpg-768x768.jpg 768w, https:\/\/www.fahrschule-friedel-thiele.de\/cms\/wp-content\/uploads\/2025\/03\/Friedel.jpg-1536x1536.jpg 1536w, https:\/\/www.fahrschule-friedel-thiele.de\/cms\/wp-content\/uploads\/2025\/03\/Friedel.jpg-2048x2048.jpg 2048w, https:\/\/www.fahrschule-friedel-thiele.de\/cms\/wp-content\/uploads\/2025\/03\/Friedel.jpg-483x483.jpg 483w, https:\/\/www.fahrschule-friedel-thiele.de\/cms\/wp-content\/uploads\/2025\/03\/Friedel.jpg-261x261.jpg 261w\" sizes=\"(max-width: 291px) 100vw, 291px\" \/><\/div>\r\n                <div class=\"description\">\r\n                    <h6>Friedel Thiele (Gr\u00fcnder &amp; Chef der Fahrschule)<\/h6>\r\n                    <p><b>Fahrlehrer f\u00fcr PKW, Motorrad, LKW &amp; Traktor, Moderator f\u00fcr ASF- und FES-Seminare, Ausbildungsfahrlehrer<\/b><\/p>\r\n                                    <\/div>\r\n            <\/a>\r\n        <\/div>\r\n\r\n                <div class=\"item col-md-4 col-sm-4 col-xs-12\">\r\n            <a href=\"https:\/\/www.fahrschule-friedel-thiele.de\/cms\/?page_id=1601#team\" class=\"tt-box-subjects1\">\r\n                <div class=\"img\"><img width=\"291\" height=\"291\" src=\"https:\/\/www.fahrschule-friedel-thiele.de\/cms\/wp-content\/uploads\/2025\/03\/Christian-291x291.jpg\" class=\"attachment-dricub-driving-schools-team-thumbnail size-dricub-driving-schools-team-thumbnail\" alt=\"\" decoding=\"async\" loading=\"lazy\" srcset=\"https:\/\/www.fahrschule-friedel-thiele.de\/cms\/wp-content\/uploads\/2025\/03\/Christian-291x291.jpg 291w, https:\/\/www.fahrschule-friedel-thiele.de\/cms\/wp-content\/uploads\/2025\/03\/Christian-300x300.jpg 300w, https:\/\/www.fahrschule-friedel-thiele.de\/cms\/wp-content\/uploads\/2025\/03\/Christian-1024x1024.jpg 1024w, https:\/\/www.fahrschule-friedel-thiele.de\/cms\/wp-content\/uploads\/2025\/03\/Christian-150x150.jpg 150w, https:\/\/www.fahrschule-friedel-thiele.de\/cms\/wp-content\/uploads\/2025\/03\/Christian-768x768.jpg 768w, https:\/\/www.fahrschule-friedel-thiele.de\/cms\/wp-content\/uploads\/2025\/03\/Christian-1536x1536.jpg 1536w, https:\/\/www.fahrschule-friedel-thiele.de\/cms\/wp-content\/uploads\/2025\/03\/Christian-2048x2048.jpg 2048w, https:\/\/www.fahrschule-friedel-thiele.de\/cms\/wp-content\/uploads\/2025\/03\/Christian-483x483.jpg 483w, https:\/\/www.fahrschule-friedel-thiele.de\/cms\/wp-content\/uploads\/2025\/03\/Christian-261x261.jpg 261w\" sizes=\"(max-width: 291px) 100vw, 291px\" \/><\/div>\r\n                <div class=\"description\">\r\n                    <h6>Christian Thiele<\/h6>\r\n                    <p><b>Fahrlehrer f\u00fcr PKW, Motorrad, LKW &amp; Traktor, Moderator f\u00fcr ASF-Seminare, Ausbildungsfahrlehrer<\/b><\/p>\r\n                                    <\/div>\r\n            <\/a>\r\n        <\/div>\r\n\r\n                <div class=\"item col-md-4 col-sm-4 col-xs-12\">\r\n            <a href=\"https:\/\/www.fahrschule-friedel-thiele.de\/cms\/?page_id=1601#team\" class=\"tt-box-subjects1\">\r\n                <div class=\"img\"><img width=\"291\" height=\"291\" src=\"https:\/\/www.fahrschule-friedel-thiele.de\/cms\/wp-content\/uploads\/2021\/02\/61E0A916-15DD-4C9F-92DD-7DD58EEEC0FD-291x291.jpeg\" class=\"attachment-dricub-driving-schools-team-thumbnail size-dricub-driving-schools-team-thumbnail\" alt=\"\" decoding=\"async\" loading=\"lazy\" srcset=\"https:\/\/www.fahrschule-friedel-thiele.de\/cms\/wp-content\/uploads\/2021\/02\/61E0A916-15DD-4C9F-92DD-7DD58EEEC0FD-291x291.jpeg 291w, https:\/\/www.fahrschule-friedel-thiele.de\/cms\/wp-content\/uploads\/2021\/02\/61E0A916-15DD-4C9F-92DD-7DD58EEEC0FD-300x300.jpeg 300w, https:\/\/www.fahrschule-friedel-thiele.de\/cms\/wp-content\/uploads\/2021\/02\/61E0A916-15DD-4C9F-92DD-7DD58EEEC0FD-150x150.jpeg 150w, https:\/\/www.fahrschule-friedel-thiele.de\/cms\/wp-content\/uploads\/2021\/02\/61E0A916-15DD-4C9F-92DD-7DD58EEEC0FD-768x768.jpeg 768w, https:\/\/www.fahrschule-friedel-thiele.de\/cms\/wp-content\/uploads\/2021\/02\/61E0A916-15DD-4C9F-92DD-7DD58EEEC0FD-483x483.jpeg 483w, https:\/\/www.fahrschule-friedel-thiele.de\/cms\/wp-content\/uploads\/2021\/02\/61E0A916-15DD-4C9F-92DD-7DD58EEEC0FD-261x261.jpeg 261w, https:\/\/www.fahrschule-friedel-thiele.de\/cms\/wp-content\/uploads\/2021\/02\/61E0A916-15DD-4C9F-92DD-7DD58EEEC0FD.jpeg 856w\" sizes=\"(max-width: 291px) 100vw, 291px\" \/><\/div>\r\n                <div class=\"description\">\r\n                    <h6>Siggi<\/h6>\r\n                    <p><b>Fahrlehrer f\u00fcr PKW<\/b><\/p>\r\n                                    <\/div>\r\n            <\/a>\r\n        <\/div>\r\n\r\n                <div class=\"item col-md-4 col-sm-4 col-xs-12\">\r\n            <a href=\"https:\/\/www.fahrschule-friedel-thiele.de\/cms\/?page_id=1601#team\" class=\"tt-box-subjects1\">\r\n                <div class=\"img\"><img width=\"291\" height=\"291\" src=\"https:\/\/www.fahrschule-friedel-thiele.de\/cms\/wp-content\/uploads\/2025\/03\/Baerbel.jpg-291x291.jpg\" class=\"attachment-dricub-driving-schools-team-thumbnail size-dricub-driving-schools-team-thumbnail\" alt=\"\" decoding=\"async\" loading=\"lazy\" srcset=\"https:\/\/www.fahrschule-friedel-thiele.de\/cms\/wp-content\/uploads\/2025\/03\/Baerbel.jpg-291x291.jpg 291w, https:\/\/www.fahrschule-friedel-thiele.de\/cms\/wp-content\/uploads\/2025\/03\/Baerbel.jpg-300x300.jpg 300w, https:\/\/www.fahrschule-friedel-thiele.de\/cms\/wp-content\/uploads\/2025\/03\/Baerbel.jpg-1024x1024.jpg 1024w, https:\/\/www.fahrschule-friedel-thiele.de\/cms\/wp-content\/uploads\/2025\/03\/Baerbel.jpg-150x150.jpg 150w, https:\/\/www.fahrschule-friedel-thiele.de\/cms\/wp-content\/uploads\/2025\/03\/Baerbel.jpg-768x768.jpg 768w, https:\/\/www.fahrschule-friedel-thiele.de\/cms\/wp-content\/uploads\/2025\/03\/Baerbel.jpg-1536x1536.jpg 1536w, https:\/\/www.fahrschule-friedel-thiele.de\/cms\/wp-content\/uploads\/2025\/03\/Baerbel.jpg-2048x2048.jpg 2048w, https:\/\/www.fahrschule-friedel-thiele.de\/cms\/wp-content\/uploads\/2025\/03\/Baerbel.jpg-483x483.jpg 483w, https:\/\/www.fahrschule-friedel-thiele.de\/cms\/wp-content\/uploads\/2025\/03\/Baerbel.jpg-261x261.jpg 261w\" sizes=\"(max-width: 291px) 100vw, 291px\" \/><\/div>\r\n                <div class=\"description\">\r\n                    <h6>B\u00e4rbel<\/h6>\r\n                    <p><b>Fahrlehrerin f\u00fcr PKW<\/b><\/p>\r\n                                    <\/div>\r\n            <\/a>\r\n        <\/div>\r\n\r\n                <div class=\"item col-md-4 col-sm-4 col-xs-12\">\r\n            <a href=\"https:\/\/www.fahrschule-friedel-thiele.de\/cms\/?page_id=1601#team\" class=\"tt-box-subjects1\">\r\n                <div class=\"img\"><img width=\"291\" height=\"291\" src=\"https:\/\/www.fahrschule-friedel-thiele.de\/cms\/wp-content\/uploads\/2025\/08\/Friedemann-291x291.jpg\" class=\"attachment-dricub-driving-schools-team-thumbnail size-dricub-driving-schools-team-thumbnail\" alt=\"\" decoding=\"async\" loading=\"lazy\" srcset=\"https:\/\/www.fahrschule-friedel-thiele.de\/cms\/wp-content\/uploads\/2025\/08\/Friedemann-291x291.jpg 291w, https:\/\/www.fahrschule-friedel-thiele.de\/cms\/wp-content\/uploads\/2025\/08\/Friedemann-300x300.jpg 300w, https:\/\/www.fahrschule-friedel-thiele.de\/cms\/wp-content\/uploads\/2025\/08\/Friedemann-1024x1024.jpg 1024w, https:\/\/www.fahrschule-friedel-thiele.de\/cms\/wp-content\/uploads\/2025\/08\/Friedemann-150x150.jpg 150w, https:\/\/www.fahrschule-friedel-thiele.de\/cms\/wp-content\/uploads\/2025\/08\/Friedemann-768x768.jpg 768w, https:\/\/www.fahrschule-friedel-thiele.de\/cms\/wp-content\/uploads\/2025\/08\/Friedemann-1536x1536.jpg 1536w, https:\/\/www.fahrschule-friedel-thiele.de\/cms\/wp-content\/uploads\/2025\/08\/Friedemann-2048x2048.jpg 2048w, https:\/\/www.fahrschule-friedel-thiele.de\/cms\/wp-content\/uploads\/2025\/08\/Friedemann-483x483.jpg 483w, https:\/\/www.fahrschule-friedel-thiele.de\/cms\/wp-content\/uploads\/2025\/08\/Friedemann-261x261.jpg 261w\" sizes=\"(max-width: 291px) 100vw, 291px\" \/><\/div>\r\n                <div class=\"description\">\r\n                    <h6>Friedemann<\/h6>\r\n                    <p><b>Fahrlehrer f\u00fcr PKW &amp; ANH\u00c4NGER<\/b><\/p>\r\n                                    <\/div>\r\n            <\/a>\r\n        <\/div>\r\n\r\n                <div class=\"item col-md-4 col-sm-4 col-xs-12\">\r\n            <a href=\"https:\/\/www.fahrschule-friedel-thiele.de\/cms\/?page_id=1601#team\" class=\"tt-box-subjects1\">\r\n                <div class=\"img\"><img width=\"291\" height=\"291\" src=\"https:\/\/www.fahrschule-friedel-thiele.de\/cms\/wp-content\/uploads\/2025\/03\/Maxi-291x291.jpg\" class=\"attachment-dricub-driving-schools-team-thumbnail size-dricub-driving-schools-team-thumbnail\" alt=\"\" decoding=\"async\" loading=\"lazy\" srcset=\"https:\/\/www.fahrschule-friedel-thiele.de\/cms\/wp-content\/uploads\/2025\/03\/Maxi-291x291.jpg 291w, https:\/\/www.fahrschule-friedel-thiele.de\/cms\/wp-content\/uploads\/2025\/03\/Maxi-300x300.jpg 300w, https:\/\/www.fahrschule-friedel-thiele.de\/cms\/wp-content\/uploads\/2025\/03\/Maxi-1024x1024.jpg 1024w, https:\/\/www.fahrschule-friedel-thiele.de\/cms\/wp-content\/uploads\/2025\/03\/Maxi-150x150.jpg 150w, https:\/\/www.fahrschule-friedel-thiele.de\/cms\/wp-content\/uploads\/2025\/03\/Maxi-768x768.jpg 768w, https:\/\/www.fahrschule-friedel-thiele.de\/cms\/wp-content\/uploads\/2025\/03\/Maxi-1536x1536.jpg 1536w, https:\/\/www.fahrschule-friedel-thiele.de\/cms\/wp-content\/uploads\/2025\/03\/Maxi-2048x2048.jpg 2048w, https:\/\/www.fahrschule-friedel-thiele.de\/cms\/wp-content\/uploads\/2025\/03\/Maxi-483x483.jpg 483w, https:\/\/www.fahrschule-friedel-thiele.de\/cms\/wp-content\/uploads\/2025\/03\/Maxi-261x261.jpg 261w\" sizes=\"(max-width: 291px) 100vw, 291px\" \/><\/div>\r\n                <div class=\"description\">\r\n                    <h6>Maxi<\/h6>\r\n                    <p><b>Fahrlehrerin f\u00fcr PKW &amp; ANH\u00c4NGER<\/b><\/p>\r\n                                    <\/div>\r\n            <\/a>\r\n        <\/div>\r\n\r\n                <div class=\"item col-md-4 col-sm-4 col-xs-12\">\r\n            <a href=\"https:\/\/www.fahrschule-friedel-thiele.de\/cms\/?page_id=1601#team\" class=\"tt-box-subjects1\">\r\n                <div class=\"img\"><img width=\"291\" height=\"291\" src=\"https:\/\/www.fahrschule-friedel-thiele.de\/cms\/wp-content\/uploads\/2021\/02\/BA04C385-AB6B-4919-9FA0-479FF957E7AD-291x291.jpeg\" class=\"attachment-dricub-driving-schools-team-thumbnail size-dricub-driving-schools-team-thumbnail\" alt=\"\" decoding=\"async\" loading=\"lazy\" srcset=\"https:\/\/www.fahrschule-friedel-thiele.de\/cms\/wp-content\/uploads\/2021\/02\/BA04C385-AB6B-4919-9FA0-479FF957E7AD-291x291.jpeg 291w, https:\/\/www.fahrschule-friedel-thiele.de\/cms\/wp-content\/uploads\/2021\/02\/BA04C385-AB6B-4919-9FA0-479FF957E7AD-300x300.jpeg 300w, https:\/\/www.fahrschule-friedel-thiele.de\/cms\/wp-content\/uploads\/2021\/02\/BA04C385-AB6B-4919-9FA0-479FF957E7AD-150x150.jpeg 150w, https:\/\/www.fahrschule-friedel-thiele.de\/cms\/wp-content\/uploads\/2021\/02\/BA04C385-AB6B-4919-9FA0-479FF957E7AD-768x768.jpeg 768w, https:\/\/www.fahrschule-friedel-thiele.de\/cms\/wp-content\/uploads\/2021\/02\/BA04C385-AB6B-4919-9FA0-479FF957E7AD-483x483.jpeg 483w, https:\/\/www.fahrschule-friedel-thiele.de\/cms\/wp-content\/uploads\/2021\/02\/BA04C385-AB6B-4919-9FA0-479FF957E7AD-261x261.jpeg 261w, https:\/\/www.fahrschule-friedel-thiele.de\/cms\/wp-content\/uploads\/2021\/02\/BA04C385-AB6B-4919-9FA0-479FF957E7AD.jpeg 856w\" sizes=\"(max-width: 291px) 100vw, 291px\" \/><\/div>\r\n                <div class=\"description\">\r\n                    <h6>Dani<\/h6>\r\n                    <p><b>B\u00fcro und Organisation<\/b><\/p>\r\n                                    <\/div>\r\n            <\/a>\r\n        <\/div>\r\n\r\n                <div class=\"item col-md-4 col-sm-4 col-xs-12\">\r\n            <a href=\"https:\/\/www.fahrschule-friedel-thiele.de\/cms\/?page_id=1601#team\" class=\"tt-box-subjects1\">\r\n                <div class=\"img\"><img width=\"291\" height=\"291\" src=\"https:\/\/www.fahrschule-friedel-thiele.de\/cms\/wp-content\/uploads\/2025\/03\/Tina.jpg-291x291.jpg\" class=\"attachment-dricub-driving-schools-team-thumbnail size-dricub-driving-schools-team-thumbnail\" alt=\"\" decoding=\"async\" loading=\"lazy\" srcset=\"https:\/\/www.fahrschule-friedel-thiele.de\/cms\/wp-content\/uploads\/2025\/03\/Tina.jpg-291x291.jpg 291w, https:\/\/www.fahrschule-friedel-thiele.de\/cms\/wp-content\/uploads\/2025\/03\/Tina.jpg-300x300.jpg 300w, https:\/\/www.fahrschule-friedel-thiele.de\/cms\/wp-content\/uploads\/2025\/03\/Tina.jpg-1024x1024.jpg 1024w, https:\/\/www.fahrschule-friedel-thiele.de\/cms\/wp-content\/uploads\/2025\/03\/Tina.jpg-150x150.jpg 150w, https:\/\/www.fahrschule-friedel-thiele.de\/cms\/wp-content\/uploads\/2025\/03\/Tina.jpg-768x768.jpg 768w, https:\/\/www.fahrschule-friedel-thiele.de\/cms\/wp-content\/uploads\/2025\/03\/Tina.jpg-1536x1536.jpg 1536w, https:\/\/www.fahrschule-friedel-thiele.de\/cms\/wp-content\/uploads\/2025\/03\/Tina.jpg-2048x2048.jpg 2048w, https:\/\/www.fahrschule-friedel-thiele.de\/cms\/wp-content\/uploads\/2025\/03\/Tina.jpg-483x483.jpg 483w, https:\/\/www.fahrschule-friedel-thiele.de\/cms\/wp-content\/uploads\/2025\/03\/Tina.jpg-261x261.jpg 261w\" sizes=\"(max-width: 291px) 100vw, 291px\" \/><\/div>\r\n                <div class=\"description\">\r\n                    <h6>Tina<\/h6>\r\n                    <p><b>B\u00fcro und Social Media<\/b><\/p>\r\n                                            <p><strong>Sie ist ebenfalls deine Ansprechpartnerin f\u00fcr unseren Simulator und begleitet dich dabei<\/strong><\/p>\r\n                                    <\/div>\r\n            <\/a>\r\n        <\/div>\r\n\r\n                <div class=\"item col-md-4 col-sm-4 col-xs-12\">\r\n            <a href=\"https:\/\/www.fahrschule-friedel-thiele.de\/cms\/?page_id=1601#team\" class=\"tt-box-subjects1\">\r\n                <div class=\"img\"><img width=\"291\" height=\"291\" src=\"https:\/\/www.fahrschule-friedel-thiele.de\/cms\/wp-content\/uploads\/2021\/11\/82243D21-AA9C-4BD4-AE11-3CA60CD7F3AF-291x291.jpeg\" class=\"attachment-dricub-driving-schools-team-thumbnail size-dricub-driving-schools-team-thumbnail\" alt=\"\" decoding=\"async\" loading=\"lazy\" srcset=\"https:\/\/www.fahrschule-friedel-thiele.de\/cms\/wp-content\/uploads\/2021\/11\/82243D21-AA9C-4BD4-AE11-3CA60CD7F3AF-291x291.jpeg 291w, https:\/\/www.fahrschule-friedel-thiele.de\/cms\/wp-content\/uploads\/2021\/11\/82243D21-AA9C-4BD4-AE11-3CA60CD7F3AF-300x300.jpeg 300w, https:\/\/www.fahrschule-friedel-thiele.de\/cms\/wp-content\/uploads\/2021\/11\/82243D21-AA9C-4BD4-AE11-3CA60CD7F3AF-1024x1024.jpeg 1024w, https:\/\/www.fahrschule-friedel-thiele.de\/cms\/wp-content\/uploads\/2021\/11\/82243D21-AA9C-4BD4-AE11-3CA60CD7F3AF-150x150.jpeg 150w, https:\/\/www.fahrschule-friedel-thiele.de\/cms\/wp-content\/uploads\/2021\/11\/82243D21-AA9C-4BD4-AE11-3CA60CD7F3AF-768x768.jpeg 768w, https:\/\/www.fahrschule-friedel-thiele.de\/cms\/wp-content\/uploads\/2021\/11\/82243D21-AA9C-4BD4-AE11-3CA60CD7F3AF-1536x1536.jpeg 1536w, https:\/\/www.fahrschule-friedel-thiele.de\/cms\/wp-content\/uploads\/2021\/11\/82243D21-AA9C-4BD4-AE11-3CA60CD7F3AF-2048x2048.jpeg 2048w, https:\/\/www.fahrschule-friedel-thiele.de\/cms\/wp-content\/uploads\/2021\/11\/82243D21-AA9C-4BD4-AE11-3CA60CD7F3AF-483x483.jpeg 483w, https:\/\/www.fahrschule-friedel-thiele.de\/cms\/wp-content\/uploads\/2021\/11\/82243D21-AA9C-4BD4-AE11-3CA60CD7F3AF-261x261.jpeg 261w\" sizes=\"(max-width: 291px) 100vw, 291px\" \/><\/div>\r\n                <div class=\"description\">\r\n                    <h6>Unser Simulator<\/h6>\r\n                    <p><b>FAHREN LERNEN IN EINER NEUEN DIMENSION<\/b><\/p>\r\n                                            <p><strong>Besser vorbereitet in die 1. Fahrstunde \u2013 SCHNELLER ZUM ZIEL!<\/strong><\/p>\r\n                                    <\/div>\r\n            <\/a>\r\n        <\/div>\r\n\r\n        <\/div>[\/vc_column][vc_column][\/vc_column][\/vc_row][vc_row el_class=&#8220;about-page-promo4&#8243;][vc_column]<div class=\"tt-promo-04\" style=\"background: url(https:\/\/www.fahrschule-friedel-thiele.de\/cms\/wp-content\/uploads\/2020\/04\/AdobeStock_238797058-scaled.jpeg)  0 0 repeat;\">\r\n                    <div class=\"description\">\r\n                        <h6>Wir machen dich mobil!<\/h6><span style=\"color: #ffffff;\">Wir stehen f\u00fcr moderne und p\u00e4dagogisch fundierte Fahrausbildung mit System, Freundlichkeit, Gelassenheit, Ruhe und viel Geduld!<\/span><\/p>\n<p><span style=\"color: #000000;\"><a class=\"btn btn-long inverse\" style=\"color: #000000;\" href=\"https:\/\/fs0576.fso360-svc.de\/\" target=\"_blank\" rel=\"noopener\"><span style=\"color: #ffffff;\">Anmeldung<\/span><\/a><\/span><\/div>\r\n                <\/div>[\/vc_column][\/vc_row][vc_row el_class=&#8220;social-services about-page-social-section&#8220; el_id=&#8220;socialmedia&#8220;][vc_column width=&#8220;1\/4&#8243;][\/vc_column][vc_column width=&#8220;1\/4&#8243;][vc_column_text css=&#8220;.vc_custom_1508732710287{margin-bottom: 0px !important;}&#8220;]<\/p>\n<h4 class=\"tt-title\"><span class=\"title-icon\"><i class=\"icon-instagram-social\">\u00a0<\/i><\/span>Instagram<\/h4>\n<p>[\/vc_column_text][vc_raw_html]JTVCaW5zdGFncmFtLWZlZWQlMjBudW0lM0Q5JTIwY29scyUzRDMlNUQ=[\/vc_raw_html][\/vc_column][vc_column width=&#8220;1\/4&#8243;][vc_column_text css=&#8220;.vc_custom_1508732715496{margin-bottom: 0px !important;}&#8220;]<\/p>\n<h4 class=\"tt-title\"><span class=\"title-icon\"><i class=\"icon-facebook-logo\">\u00a0<\/i><\/span>Facebook<\/h4>\n<p>[\/vc_column_text]<iframe class=\"iframe-facebook\" src=\"https:\/\/www.facebook.com\/plugins\/page.php?href=https:\/\/facebook.com\/fahrschulethiele\/%2F&tabs=timeline&small_header=true&adapt_container_width=true&hide_cover=false&show_facepile=true&appId=653691078039193\"><\/iframe>[\/vc_column][vc_column width=&#8220;1\/4&#8243;][\/vc_column][\/vc_row]<\/p>\n<\/section>","protected":false},"excerpt":{"rendered":"<p>[vc_row el_id=&#8220;company-overview&#8220; css=&#8220;.vc_custom_1587475703158{margin-top: 0px !important;margin-bottom: 0px !important;border-right-width: 30px !important;padding-left: 30px !important;}&#8220;][vc_column el_id=&#8220;columning&#8220;][vc_column_text css=&#8220;.vc_custom_1658497044426{margin-bottom: 0px !important;}&#8220;] \u00dcber unsere Fahrschule [\/vc_column_text][\/vc_column][\/vc_row][vc_row el_class=&#8220;row-img-left&#8220; css=&#8220;.vc_custom_1658523558727{margin-right: 20px !important;margin-left: 20px !important;padding-bottom: 30px !important;background-color: #2e4394 !important;border-radius: 10px !important;}&#8220;][vc_column offset=&#8220;vc_col-lg-6 vc_col-md-6&#8243;][vc_single_image image=&#8220;2736&#8243; img_size=&#8220;560&#215;412&#8243; css=&#8220;.vc_custom_1680348007746{margin-bottom: 0px !important;}&#8220;][\/vc_column][vc_column el_class=&#8220;col-content in-full-column&#8220; offset=&#8220;vc_col-lg-6 vc_col-md-6&#8243;][vc_column_text css=&#8220;.vc_custom_1694582899178{margin-bottom: 0px !important;}&#8220;]Am 17. September 1985 er\u00f6ffnete Friedel Thiele in der Niederen Mauer [&hellip;]<\/p>\n","protected":false},"author":2,"featured_media":0,"parent":0,"menu_order":0,"comment_status":"closed","ping_status":"closed","template":"","meta":{"_uf_show_specific_survey":0,"_uf_disable_surveys":false},"yoast_head":"<!-- This site is optimized with the Yoast SEO plugin v20.4 - https:\/\/yoast.com\/wordpress\/plugins\/seo\/ -->\n<title>\u00dcber uns - Fahrschule Thiele<\/title>\n<meta name=\"description\" content=\"Deine Fahrschule in Brilon &amp; Hoppecke f\u00fcr die Ausbildung rund um den F\u00fchrerschein! Profitiere auch Du von unserer \u00fcber 40-j\u00e4hrigen Erfahrung!\" \/>\n<meta name=\"robots\" content=\"index, follow, max-snippet:-1, max-image-preview:large, max-video-preview:-1\" \/>\n<link rel=\"canonical\" href=\"https:\/\/www.fahrschule-friedel-thiele.de\/cms\/?page_id=1601\" \/>\n<meta property=\"og:locale\" content=\"de_DE\" \/>\n<meta property=\"og:type\" content=\"article\" \/>\n<meta property=\"og:title\" content=\"\u00dcber uns - Fahrschule Thiele\" \/>\n<meta property=\"og:description\" content=\"Deine Fahrschule in Brilon &amp; Hoppecke f\u00fcr die Ausbildung rund um den F\u00fchrerschein! Profitiere auch Du von unserer \u00fcber 40-j\u00e4hrigen Erfahrung!\" \/>\n<meta property=\"og:url\" content=\"https:\/\/www.fahrschule-friedel-thiele.de\/cms\/?page_id=1601\" \/>\n<meta property=\"og:site_name\" content=\"Fahrschule Friedel Thiele\" \/>\n<meta property=\"article:publisher\" content=\"https:\/\/www.facebook.com\/fahrschulethiele\" \/>\n<meta property=\"article:modified_time\" content=\"2026-01-28T14:32:10+00:00\" \/>\n<meta property=\"og:image\" content=\"https:\/\/www.fahrschule-friedel-thiele.de\/cms\/wp-content\/uploads\/2024\/12\/Cupra-Tanke.jpg-scaled.jpg\" \/>\n\t<meta property=\"og:image:width\" content=\"2560\" \/>\n\t<meta property=\"og:image:height\" content=\"1920\" \/>\n\t<meta property=\"og:image:type\" content=\"image\/jpeg\" \/>\n<meta name=\"twitter:card\" content=\"summary_large_image\" \/>\n<meta name=\"twitter:label1\" content=\"Gesch\u00e4tzte Lesezeit\" \/>\n\t<meta name=\"twitter:data1\" content=\"3 Minuten\" \/>\n<script type=\"application\/ld+json\" class=\"yoast-schema-graph\">{\"@context\":\"https:\/\/schema.org\",\"@graph\":[{\"@type\":\"WebPage\",\"@id\":\"https:\/\/www.fahrschule-friedel-thiele.de\/cms\/?page_id=1601\",\"url\":\"https:\/\/www.fahrschule-friedel-thiele.de\/cms\/?page_id=1601\",\"name\":\"\u00dcber uns - Fahrschule Thiele\",\"isPartOf\":{\"@id\":\"https:\/\/www.fahrschule-friedel-thiele.de\/cms\/#website\"},\"datePublished\":\"2017-10-14T11:43:15+00:00\",\"dateModified\":\"2026-01-28T14:32:10+00:00\",\"description\":\"Deine Fahrschule in Brilon & Hoppecke f\u00fcr die Ausbildung rund um den F\u00fchrerschein! Profitiere auch Du von unserer \u00fcber 40-j\u00e4hrigen Erfahrung!\",\"breadcrumb\":{\"@id\":\"https:\/\/www.fahrschule-friedel-thiele.de\/cms\/?page_id=1601#breadcrumb\"},\"inLanguage\":\"de-DE\",\"potentialAction\":[{\"@type\":\"ReadAction\",\"target\":[\"https:\/\/www.fahrschule-friedel-thiele.de\/cms\/?page_id=1601\"]}]},{\"@type\":\"BreadcrumbList\",\"@id\":\"https:\/\/www.fahrschule-friedel-thiele.de\/cms\/?page_id=1601#breadcrumb\",\"itemListElement\":[{\"@type\":\"ListItem\",\"position\":1,\"name\":\"Home\",\"item\":\"https:\/\/www.fahrschule-friedel-thiele.de\/cms\/\"},{\"@type\":\"ListItem\",\"position\":2,\"name\":\"\u00dcber uns\"}]},{\"@type\":\"WebSite\",\"@id\":\"https:\/\/www.fahrschule-friedel-thiele.de\/cms\/#website\",\"url\":\"https:\/\/www.fahrschule-friedel-thiele.de\/cms\/\",\"name\":\"Fahrschule Friedel Thiele\",\"description\":\"Schnell und sicher zum F\u00fchrerschein\",\"publisher\":{\"@id\":\"https:\/\/www.fahrschule-friedel-thiele.de\/cms\/#organization\"},\"alternateName\":\"Fahrschule Thiele\",\"potentialAction\":[{\"@type\":\"SearchAction\",\"target\":{\"@type\":\"EntryPoint\",\"urlTemplate\":\"https:\/\/www.fahrschule-friedel-thiele.de\/cms\/?s={search_term_string}\"},\"query-input\":\"required name=search_term_string\"}],\"inLanguage\":\"de-DE\"},{\"@type\":\"Organization\",\"@id\":\"https:\/\/www.fahrschule-friedel-thiele.de\/cms\/#organization\",\"name\":\"Fahrschule Friedel Thiele\",\"alternateName\":\"Fahrschule Thiele\",\"url\":\"https:\/\/www.fahrschule-friedel-thiele.de\/cms\/\",\"logo\":{\"@type\":\"ImageObject\",\"inLanguage\":\"de-DE\",\"@id\":\"https:\/\/www.fahrschule-friedel-thiele.de\/cms\/#\/schema\/logo\/image\/\",\"url\":\"https:\/\/www.fahrschule-friedel-thiele.de\/cms\/wp-content\/uploads\/2024\/07\/Untitled-design1.jpeg\",\"contentUrl\":\"https:\/\/www.fahrschule-friedel-thiele.de\/cms\/wp-content\/uploads\/2024\/07\/Untitled-design1.jpeg\",\"width\":696,\"height\":696,\"caption\":\"Fahrschule Friedel Thiele\"},\"image\":{\"@id\":\"https:\/\/www.fahrschule-friedel-thiele.de\/cms\/#\/schema\/logo\/image\/\"},\"sameAs\":[\"https:\/\/www.facebook.com\/fahrschulethiele\",\"https:\/\/www.instagram.com\/fahrschule_thiele\/\"]}]}<\/script>\n<!-- \/ Yoast SEO plugin. -->","yoast_head_json":{"title":"\u00dcber uns - Fahrschule Thiele","description":"Deine Fahrschule in Brilon & Hoppecke f\u00fcr die Ausbildung rund um den F\u00fchrerschein! Profitiere auch Du von unserer \u00fcber 40-j\u00e4hrigen Erfahrung!","robots":{"index":"index","follow":"follow","max-snippet":"max-snippet:-1","max-image-preview":"max-image-preview:large","max-video-preview":"max-video-preview:-1"},"canonical":"https:\/\/www.fahrschule-friedel-thiele.de\/cms\/?page_id=1601","og_locale":"de_DE","og_type":"article","og_title":"\u00dcber uns - Fahrschule Thiele","og_description":"Deine Fahrschule in Brilon & Hoppecke f\u00fcr die Ausbildung rund um den F\u00fchrerschein! Profitiere auch Du von unserer \u00fcber 40-j\u00e4hrigen Erfahrung!","og_url":"https:\/\/www.fahrschule-friedel-thiele.de\/cms\/?page_id=1601","og_site_name":"Fahrschule Friedel Thiele","article_publisher":"https:\/\/www.facebook.com\/fahrschulethiele","article_modified_time":"2026-01-28T14:32:10+00:00","og_image":[{"width":2560,"height":1920,"url":"https:\/\/www.fahrschule-friedel-thiele.de\/cms\/wp-content\/uploads\/2024\/12\/Cupra-Tanke.jpg-scaled.jpg","type":"image\/jpeg"}],"twitter_card":"summary_large_image","twitter_misc":{"Gesch\u00e4tzte Lesezeit":"3 Minuten"},"schema":{"@context":"https:\/\/schema.org","@graph":[{"@type":"WebPage","@id":"https:\/\/www.fahrschule-friedel-thiele.de\/cms\/?page_id=1601","url":"https:\/\/www.fahrschule-friedel-thiele.de\/cms\/?page_id=1601","name":"\u00dcber uns - Fahrschule Thiele","isPartOf":{"@id":"https:\/\/www.fahrschule-friedel-thiele.de\/cms\/#website"},"datePublished":"2017-10-14T11:43:15+00:00","dateModified":"2026-01-28T14:32:10+00:00","description":"Deine Fahrschule in Brilon & Hoppecke f\u00fcr die Ausbildung rund um den F\u00fchrerschein! Profitiere auch Du von unserer \u00fcber 40-j\u00e4hrigen Erfahrung!","breadcrumb":{"@id":"https:\/\/www.fahrschule-friedel-thiele.de\/cms\/?page_id=1601#breadcrumb"},"inLanguage":"de-DE","potentialAction":[{"@type":"ReadAction","target":["https:\/\/www.fahrschule-friedel-thiele.de\/cms\/?page_id=1601"]}]},{"@type":"BreadcrumbList","@id":"https:\/\/www.fahrschule-friedel-thiele.de\/cms\/?page_id=1601#breadcrumb","itemListElement":[{"@type":"ListItem","position":1,"name":"Home","item":"https:\/\/www.fahrschule-friedel-thiele.de\/cms\/"},{"@type":"ListItem","position":2,"name":"\u00dcber uns"}]},{"@type":"WebSite","@id":"https:\/\/www.fahrschule-friedel-thiele.de\/cms\/#website","url":"https:\/\/www.fahrschule-friedel-thiele.de\/cms\/","name":"Fahrschule Friedel Thiele","description":"Schnell und sicher zum F\u00fchrerschein","publisher":{"@id":"https:\/\/www.fahrschule-friedel-thiele.de\/cms\/#organization"},"alternateName":"Fahrschule Thiele","potentialAction":[{"@type":"SearchAction","target":{"@type":"EntryPoint","urlTemplate":"https:\/\/www.fahrschule-friedel-thiele.de\/cms\/?s={search_term_string}"},"query-input":"required name=search_term_string"}],"inLanguage":"de-DE"},{"@type":"Organization","@id":"https:\/\/www.fahrschule-friedel-thiele.de\/cms\/#organization","name":"Fahrschule Friedel Thiele","alternateName":"Fahrschule Thiele","url":"https:\/\/www.fahrschule-friedel-thiele.de\/cms\/","logo":{"@type":"ImageObject","inLanguage":"de-DE","@id":"https:\/\/www.fahrschule-friedel-thiele.de\/cms\/#\/schema\/logo\/image\/","url":"https:\/\/www.fahrschule-friedel-thiele.de\/cms\/wp-content\/uploads\/2024\/07\/Untitled-design1.jpeg","contentUrl":"https:\/\/www.fahrschule-friedel-thiele.de\/cms\/wp-content\/uploads\/2024\/07\/Untitled-design1.jpeg","width":696,"height":696,"caption":"Fahrschule Friedel Thiele"},"image":{"@id":"https:\/\/www.fahrschule-friedel-thiele.de\/cms\/#\/schema\/logo\/image\/"},"sameAs":["https:\/\/www.facebook.com\/fahrschulethiele","https:\/\/www.instagram.com\/fahrschule_thiele\/"]}]}},"_links":{"self":[{"href":"https:\/\/www.fahrschule-friedel-thiele.de\/cms\/index.php?rest_route=\/wp\/v2\/pages\/1601"}],"collection":[{"href":"https:\/\/www.fahrschule-friedel-thiele.de\/cms\/index.php?rest_route=\/wp\/v2\/pages"}],"about":[{"href":"https:\/\/www.fahrschule-friedel-thiele.de\/cms\/index.php?rest_route=\/wp\/v2\/types\/page"}],"author":[{"embeddable":true,"href":"https:\/\/www.fahrschule-friedel-thiele.de\/cms\/index.php?rest_route=\/wp\/v2\/users\/2"}],"replies":[{"embeddable":true,"href":"https:\/\/www.fahrschule-friedel-thiele.de\/cms\/index.php?rest_route=%2Fwp%2Fv2%2Fcomments&post=1601"}],"version-history":[{"count":101,"href":"https:\/\/www.fahrschule-friedel-thiele.de\/cms\/index.php?rest_route=\/wp\/v2\/pages\/1601\/revisions"}],"predecessor-version":[{"id":3033,"href":"https:\/\/www.fahrschule-friedel-thiele.de\/cms\/index.php?rest_route=\/wp\/v2\/pages\/1601\/revisions\/3033"}],"wp:attachment":[{"href":"https:\/\/www.fahrschule-friedel-thiele.de\/cms\/index.php?rest_route=%2Fwp%2Fv2%2Fmedia&parent=1601"}],"curies":[{"name":"wp","href":"https:\/\/api.w.org\/{rel}","templated":true}]}}